{"id":212,"date":"2025-04-22T13:36:27","date_gmt":"2025-04-22T16:36:27","guid":{"rendered":"https:\/\/pardinho.sp.gov.br\/portal\/?page_id=212"},"modified":"2025-04-22T13:36:27","modified_gmt":"2025-04-22T16:36:27","slug":"telefones-uteis","status":"publish","type":"page","link":"https:\/\/pardinho.sp.gov.br\/portal\/telefones-uteis\/","title":{"rendered":"Telefones \u00fateis"},"content":{"rendered":"<section class=\"l-section wpb_row height_small color_primary with_img parallax_fixed\"><div class=\"l-section-img\" role=\"img\" data-img-width=\"1920\" data-img-height=\"981\" style=\"background-image: url(https:\/\/pardinho.sp.gov.br\/portal\/wp-content\/uploads\/2025\/04\/gigante_pardinho.jpg);\"><\/div><div class=\"l-section-overlay\" style=\"background:rgba(0,0,0,0.5)\"><\/div><div class=\"l-section-h i-cf\"><div class=\"g-cols vc_row via_grid cols_1 laptops-cols_inherit tablets-cols_inherit mobiles-cols_1 valign_top type_default stacking_default\"><div class=\"wpb_column vc_column_container\"><div class=\"vc_column-inner\"><div class=\"w-separator size_small\"><\/div><h1 class=\"w-post-elm post_title us_custom_38a6be1b entry-title color_link_inherit\">Telefones \u00fateis<\/h1><div class=\"w-separator us_custom_faef17f5 has_text_color size_small with_line width_default thick_2 style_dashed color_border align_center\"><div class=\"w-separator-h\"><\/div><\/div><nav class=\"g-breadcrumbs us_custom_71d3e3d1 separator_icon align_none\" itemscope itemtype=\"http:\/\/schema.org\/BreadcrumbList\"><div class=\"g-breadcrumbs-item\" itemscope itemprop=\"itemListElement\" itemtype=\"http:\/\/schema.org\/ListItem\"><a itemprop=\"item\" href=\"https:\/\/pardinho.sp.gov.br\/portal\/\"><span itemprop=\"name\">Principal<\/span><\/a><meta itemprop=\"position\" content=\"1\"\/><\/div><div class=\"g-breadcrumbs-separator\"><i class=\"far fa-angle-right\"><\/i><\/div><div class=\"g-breadcrumbs-item\">P\u00e1ginas<\/div><\/nav><\/div><\/div><\/div><\/div><\/section><section class=\"l-section wpb_row height_medium\"><div class=\"l-section-h i-cf\"><div class=\"g-cols vc_row via_grid cols_1 laptops-cols_inherit tablets-cols_inherit mobiles-cols_1 valign_top type_default stacking_default\"><div class=\"wpb_column vc_column_container\"><div class=\"vc_column-inner\"><div class=\"g-cols wpb_row via_grid cols_1 laptops-cols_inherit tablets-cols_inherit mobiles-cols_1 valign_top type_default stacking_default\" style=\"--gap:3rem;\"><div class=\"wpb_column vc_column_container\"><div class=\"vc_column-inner\"><div class=\"wpb_text_column\"><div class=\"wpb_wrapper\"><p style=\"font-weight: 400; text-align: center;\"><strong>Conselho Tutelar<\/strong> \u2013 3886-1448<\/p>\n<p style=\"font-weight: 400; text-align: center;\"><strong>Cozinha Comunit\u00e1ria<\/strong> \u2013 3886-1241<\/p>\n<p style=\"font-weight: 400; text-align: center;\"><strong>Cr\u00e1s<\/strong> \u2013 3886-1140<\/p>\n<p style=\"font-weight: 400; text-align: center;\"><strong>Creche Zulmira Vivan<\/strong> \u2013 3886-1373<\/p>\n<p style=\"font-weight: 400; text-align: center;\"><strong>Delegacia de Pol\u00edcia Civil<\/strong> \u2013 3886-1416<\/p>\n<p style=\"font-weight: 400; text-align: center;\"><strong>Coordenadoria Municipal de Educa\u00e7\u00e3o<\/strong><\/p>\n<p style=\"font-weight: 400; text-align: center;\"><strong>Departamento Municipal de Assist\u00eancia Social<\/strong> \u2013 3886-1251<\/p>\n<p style=\"font-weight: 400; text-align: center;\"><strong>Escola Ernestina<\/strong> \u2013 3886 \u2013 1177<\/p>\n<p style=\"font-weight: 400; text-align: center;\"><strong>Escola Jo\u00e3o Corulli<\/strong> \u2013 3886-1333<\/p>\n<p style=\"font-weight: 400; text-align: center;\"><strong>Escola Rosita<\/strong> \u2013 3886-1143<\/p>\n<p style=\"font-weight: 400; text-align: center;\"><strong>Espa\u00e7o Amigo<\/strong> \u2013 3886-1152<\/p>\n<p style=\"font-weight: 400; text-align: center;\"><strong>Espa\u00e7o Cultural<\/strong> \u2013 3886-1314<\/p>\n<p style=\"font-weight: 400; text-align: center;\"><strong>Fundo Social<\/strong> \u2013 3886-1334<\/p>\n<p style=\"font-weight: 400; text-align: center;\"><strong>Garagem Municipal<\/strong> \u2013 3886-1332<\/p>\n<p style=\"font-weight: 400; text-align: center;\"><strong>Gin\u00e1sio de esportes<\/strong> \u2013 3886-1322<\/p>\n<p style=\"font-weight: 400; text-align: center;\"><strong>Gin\u00e1sio de esportes \u2013<\/strong> 3886-1424<\/p>\n<p style=\"font-weight: 400; text-align: center;\"><strong>Pol\u00edcia Militar de Pardinho \u2013<\/strong> 3886-1299<\/p>\n<p style=\"font-weight: 400; text-align: center;\"><strong>Pr\u00e9-Escola Rosita Prestes\u00a0\u00a0\u2013<\/strong> 3886-1148<\/p>\n<p style=\"font-weight: 400; text-align: center;\"><strong>Prefeitura Municipal \u2013<\/strong> 3886-9200<\/p>\n<p style=\"font-weight: 400; text-align: center;\"><strong>Unidade mista de Sa\u00fade \u2013<\/strong> 3886-1144<\/p>\n<p style=\"font-weight: 400; text-align: center;\"><strong>Policia Militar &#8211;<\/strong>\u00a0 190<\/p>\n<p style=\"font-weight: 400; text-align: center;\"><strong>SAMU &#8211;<\/strong> 192<\/p>\n<p style=\"font-weight: 400; text-align: center;\"><strong>Corpo de Bombeiros &#8211;<\/strong> 193<\/p>\n<p style=\"text-align: center;\"><span><strong>Casa da Agricultura<\/strong> \u2013 3886-1398<\/span><\/p>\n<\/div><\/div><\/div><\/div><\/div><div class=\"w-separator size_medium with_line width_default thick_2 style_dashed color_border align_center\"><div class=\"w-separator-h\"><\/div><\/div><div class=\"w-sharing us_custom_da65c38a type_solid align_none color_default\"><div class=\"w-sharing-list\" data-content-image=\"true\"><a class=\"w-sharing-item email\" href=\"mailto:?subject=Telefones \u00fateis&amp;body=https:\/\/pardinho.sp.gov.br\/portal\/wp-json\/wp\/v2\/pages\/212\" title=\"Enviar isto por e-mail\" aria-label=\"Enviar isto por e-mail\"><i class=\"fas fa-envelope\"><\/i><\/a><a class=\"w-sharing-item facebook\" href=\"https:\/\/www.facebook.com\/sharer\/sharer.php?u=https:\/\/pardinho.sp.gov.br\/portal\/wp-json\/wp\/v2\/pages\/212&amp;quote=Telefones \u00fateis\" title=\"Compartilhar isso\" aria-label=\"Compartilhar isso\" onclick=\"window.open(this.href, &quot;facebook&quot;, &quot;toolbar=0,width=900,height=500&quot;); return false;\"><i class=\"fab fa-facebook\"><\/i><\/a><a class=\"w-sharing-item twitter\" href=\"https:\/\/twitter.com\/intent\/tweet?text=Telefones \u00fateis&amp;url=https:\/\/pardinho.sp.gov.br\/portal\/wp-json\/wp\/v2\/pages\/212\" title=\"Compartilhar isso\" aria-label=\"Compartilhar isso\" onclick=\"window.open(this.href, &quot;twitter&quot;, &quot;toolbar=0,width=650,height=360&quot;); return false;\"><i class=\"fab fa-x-twitter\"><svg style=\"width:1em; margin-bottom:-.1em;\" xmlns=\"http:\/\/www.w3.org\/2000\/svg\" viewBox=\"0 0 512 512\"><path fill=\"currentColor\" d=\"M389.2 48h70.6L305.6 224.2 487 464H345L233.7 318.6 106.5 464H35.8L200.7 275.5 26.8 48H172.4L272.9 180.9 389.2 48zM364.4 421.8h39.1L151.1 88h-42L364.4 421.8z\"\/><\/svg><\/i><\/a><a class=\"w-sharing-item linkedin\" href=\"https:\/\/www.linkedin.com\/shareArticle?mini=true&amp;url=https:\/\/pardinho.sp.gov.br\/portal\/wp-json\/wp\/v2\/pages\/212\" title=\"Compartilhar isso\" aria-label=\"Compartilhar isso\" onclick=\"window.open(this.href, &quot;linkedin&quot;, &quot;toolbar=no,width=550,height=550&quot;); return false;\"><i class=\"fab fa-linkedin\"><\/i><\/a><a class=\"w-sharing-item pinterest\" href=\"https:\/\/www.pinterest.com\/pin\/create\/button\/?url=https:\/\/pardinho.sp.gov.br\/portal\/wp-json\/wp\/v2\/pages\/212&amp;media={{image}}&amp;description=Telefones \u00fateis\" title=\"Pinar isso\" aria-label=\"Pinar isso\" onclick=\"window.open(this.href, &quot;pinterest&quot;, &quot;toolbar=no,width=700,height=300&quot;); return false;\"><i class=\"fab fa-pinterest\"><\/i><\/a><a class=\"w-sharing-item vk\" href=\"https:\/\/vk.com\/share.php?url=https:\/\/pardinho.sp.gov.br\/portal\/wp-json\/wp\/v2\/pages\/212&amp;title=Telefones \u00fateis&amp;description=&amp;image={{image}}\" title=\"Compartilhar isso\" aria-label=\"Compartilhar isso\" onclick=\"window.open(this.href, &quot;vk&quot;, &quot;toolbar=no,width=700,height=300&quot;); return false;\"><i class=\"fab fa-vk\"><\/i><\/a><a class=\"w-sharing-item whatsapp\" href=\"https:\/\/web.whatsapp.com\/send?text=Telefones \u00fateis https:\/\/pardinho.sp.gov.br\/portal\/wp-json\/wp\/v2\/pages\/212\" title=\"Compartilhar isso\" aria-label=\"Compartilhar isso\" onclick=\"window.open(this.href, &quot;whatsapp&quot;, &quot;toolbar=0,width=900,height=500&quot;); return false;\"><i class=\"fab fa-whatsapp\"><\/i><\/a><a class=\"w-sharing-item xing\" href=\"https:\/\/www.xing.com\/spi\/shares\/new?url=https:\/\/pardinho.sp.gov.br\/portal\/wp-json\/wp\/v2\/pages\/212\" title=\"Compartilhar isso\" aria-label=\"Compartilhar isso\" onclick=\"window.open(this.href, &quot;xing&quot;, &quot;toolbar=no,width=900,height=500&quot;); return false;\"><i class=\"fab fa-xing\"><\/i><\/a><a class=\"w-sharing-item reddit\" href=\"https:\/\/www.reddit.com\/submit?url=https:\/\/pardinho.sp.gov.br\/portal\/wp-json\/wp\/v2\/pages\/212&amp;title=Telefones \u00fateis\" title=\"Compartilhar isso\" aria-label=\"Compartilhar isso\" onclick=\"window.open(this.href, &quot;reddit&quot;, &quot;toolbar=no,width=900,height=500&quot;); return false;\"><i class=\"fab fa-reddit\"><\/i><\/a><\/div><div class=\"w-sharing-tooltip active\" style=\"display:none\" data-sharing-area=\"post_content\"><div  class=\"w-sharing-list\" data-content-image=\"true\" data-sharing-url=\"https:\/\/pardinho.sp.gov.br\/portal\/wp-json\/wp\/v2\/pages\/212\"><a  class=\"w-sharing-item email\" title=\"Enviar isto por e-mail\" aria-label=\"Enviar isto por e-mail\" data-url=\"mailto:?subject={{text}}&amp;body=https:\/\/pardinho.sp.gov.br\/portal\/wp-json\/wp\/v2\/pages\/212\"><i class=\"fas fa-envelope\"><\/i><\/a><a  class=\"w-sharing-item facebook\" title=\"Compartilhar isso\" aria-label=\"Compartilhar isso\" onclick=\"window.open(this.href, &quot;facebook&quot;, &quot;toolbar=0,width=900,height=500&quot;); return false;\" data-url=\"https:\/\/www.facebook.com\/sharer\/sharer.php?u=https:\/\/pardinho.sp.gov.br\/portal\/wp-json\/wp\/v2\/pages\/212&amp;quote={{text}}\"><i class=\"fab fa-facebook\"><\/i><\/a><a  class=\"w-sharing-item twitter\" title=\"Compartilhar isso\" aria-label=\"Compartilhar isso\" onclick=\"window.open(this.href, &quot;twitter&quot;, &quot;toolbar=0,width=650,height=360&quot;); return false;\" data-url=\"https:\/\/twitter.com\/intent\/tweet?text={{text}}&amp;url=https:\/\/pardinho.sp.gov.br\/portal\/wp-json\/wp\/v2\/pages\/212\"><i class=\"fab fa-x-twitter\"><svg style=\"width:1em; margin-bottom:-.1em;\" xmlns=\"http:\/\/www.w3.org\/2000\/svg\" viewBox=\"0 0 512 512\"><path fill=\"currentColor\" d=\"M389.2 48h70.6L305.6 224.2 487 464H345L233.7 318.6 106.5 464H35.8L200.7 275.5 26.8 48H172.4L272.9 180.9 389.2 48zM364.4 421.8h39.1L151.1 88h-42L364.4 421.8z\"\/><\/svg><\/i><\/a><a  class=\"w-sharing-item linkedin\" title=\"Compartilhar isso\" aria-label=\"Compartilhar isso\" onclick=\"window.open(this.href, &quot;linkedin&quot;, &quot;toolbar=no,width=550,height=550&quot;); return false;\" data-url=\"https:\/\/www.linkedin.com\/shareArticle?mini=true&amp;url=https:\/\/pardinho.sp.gov.br\/portal\/wp-json\/wp\/v2\/pages\/212\"><i class=\"fab fa-linkedin\"><\/i><\/a><a  class=\"w-sharing-item pinterest\" title=\"Pinar isso\" aria-label=\"Pinar isso\" onclick=\"window.open(this.href, &quot;pinterest&quot;, &quot;toolbar=no,width=700,height=300&quot;); return false;\" data-url=\"https:\/\/www.pinterest.com\/pin\/create\/button\/?url=https:\/\/pardinho.sp.gov.br\/portal\/wp-json\/wp\/v2\/pages\/212&amp;media={{image}}&amp;description={{text}}\"><i class=\"fab fa-pinterest\"><\/i><\/a><a  class=\"w-sharing-item vk\" title=\"Compartilhar isso\" aria-label=\"Compartilhar isso\" onclick=\"window.open(this.href, &quot;vk&quot;, &quot;toolbar=no,width=700,height=300&quot;); return false;\" data-url=\"https:\/\/vk.com\/share.php?url=https:\/\/pardinho.sp.gov.br\/portal\/wp-json\/wp\/v2\/pages\/212&amp;title={{text}}&amp;description=&amp;image={{image}}\"><i class=\"fab fa-vk\"><\/i><\/a><a  class=\"w-sharing-item whatsapp\" title=\"Compartilhar isso\" aria-label=\"Compartilhar isso\" onclick=\"window.open(this.href, &quot;whatsapp&quot;, &quot;toolbar=0,width=900,height=500&quot;); return false;\" data-url=\"https:\/\/web.whatsapp.com\/send?text={{text}} https:\/\/pardinho.sp.gov.br\/portal\/wp-json\/wp\/v2\/pages\/212\"><i class=\"fab fa-whatsapp\"><\/i><\/a><a  class=\"w-sharing-item xing\" title=\"Compartilhar isso\" aria-label=\"Compartilhar isso\" onclick=\"window.open(this.href, &quot;xing&quot;, &quot;toolbar=no,width=900,height=500&quot;); return false;\" data-url=\"https:\/\/www.xing.com\/spi\/shares\/new?url=https:\/\/pardinho.sp.gov.br\/portal\/wp-json\/wp\/v2\/pages\/212\"><i class=\"fab fa-xing\"><\/i><\/a><a  class=\"w-sharing-item reddit\" title=\"Compartilhar isso\" aria-label=\"Compartilhar isso\" onclick=\"window.open(this.href, &quot;reddit&quot;, &quot;toolbar=no,width=900,height=500&quot;); return false;\" data-url=\"https:\/\/www.reddit.com\/submit?url=https:\/\/pardinho.sp.gov.br\/portal\/wp-json\/wp\/v2\/pages\/212&amp;title={{text}}\"><i class=\"fab fa-reddit\"><\/i><\/a><button class=\"w-sharing-item copy2clipboard\" title=\"Copiar\" aria-label=\"Copiar\"><i class=\"fas fa-copy\"><\/i><\/button><\/div><\/div><\/div><\/div><\/div><\/div><\/div><\/section>\n","protected":false},"excerpt":{"rendered":"Telefones \u00fateisPrincipalP\u00e1ginasConselho Tutelar \u2013 3886-1448 Cozinha Comunit\u00e1ria \u2013 3886-1241 Cr\u00e1s \u2013 3886-1140 Creche Zulmira Vivan \u2013 3886-1373 Delegacia de Pol\u00edcia Civil \u2013 3886-1416 Coordenadoria Municipal de Educa\u00e7\u00e3o Departamento Municipal de Assist\u00eancia Social \u2013 3886-1251 Escola Ernestina \u2013 3886 \u2013 1177 Escola Jo\u00e3o Corulli \u2013 3886-1333 Escola Rosita \u2013 3886-1143 Espa\u00e7o Amigo \u2013 3886-1152 Espa\u00e7o Cultural...","protected":false},"author":1,"featured_media":0,"parent":0,"menu_order":0,"comment_status":"closed","ping_status":"closed","template":"","meta":{"footnotes":""},"class_list":["post-212","page","type-page","status-publish","hentry"],"_links":{"self":[{"href":"https:\/\/pardinho.sp.gov.br\/portal\/wp-json\/wp\/v2\/pages\/212","targetHints":{"allow":["GET"]}}],"collection":[{"href":"https:\/\/pardinho.sp.gov.br\/portal\/wp-json\/wp\/v2\/pages"}],"about":[{"href":"https:\/\/pardinho.sp.gov.br\/portal\/wp-json\/wp\/v2\/types\/page"}],"author":[{"embeddable":true,"href":"https:\/\/pardinho.sp.gov.br\/portal\/wp-json\/wp\/v2\/users\/1"}],"replies":[{"embeddable":true,"href":"https:\/\/pardinho.sp.gov.br\/portal\/wp-json\/wp\/v2\/comments?post=212"}],"version-history":[{"count":1,"href":"https:\/\/pardinho.sp.gov.br\/portal\/wp-json\/wp\/v2\/pages\/212\/revisions"}],"predecessor-version":[{"id":213,"href":"https:\/\/pardinho.sp.gov.br\/portal\/wp-json\/wp\/v2\/pages\/212\/revisions\/213"}],"wp:attachment":[{"href":"https:\/\/pardinho.sp.gov.br\/portal\/wp-json\/wp\/v2\/media?parent=212"}],"curies":[{"name":"wp","href":"https:\/\/api.w.org\/{rel}","templated":true}]}}