{"id":341,"date":"2025-06-13T19:38:59","date_gmt":"2025-06-13T22:38:59","guid":{"rendered":"https:\/\/pardinho.sp.gov.br\/portal\/?page_id=341"},"modified":"2025-10-07T14:50:45","modified_gmt":"2025-10-07T17:50:45","slug":"coordenadorias","status":"publish","type":"page","link":"https:\/\/pardinho.sp.gov.br\/portal\/coordenadorias\/","title":{"rendered":"Coordenadorias"},"content":{"rendered":"<section class=\"l-section wpb_row height_small color_primary with_img parallax_fixed\"><div class=\"l-section-img\" role=\"img\" data-img-width=\"1920\" data-img-height=\"981\" style=\"background-image: url(https:\/\/pardinho.sp.gov.br\/portal\/wp-content\/uploads\/2025\/04\/gigante_pardinho.jpg);\"><\/div><div class=\"l-section-overlay\" style=\"background:rgba(0,0,0,0.5)\"><\/div><div class=\"l-section-h i-cf\"><div class=\"g-cols vc_row via_grid cols_1 laptops-cols_inherit tablets-cols_inherit mobiles-cols_1 valign_top type_default stacking_default\"><div class=\"wpb_column vc_column_container\"><div class=\"vc_column-inner\"><div class=\"w-separator size_small\"><\/div><h1 class=\"w-post-elm post_title us_custom_38a6be1b entry-title color_link_inherit\">Coordenadorias<\/h1><div class=\"w-separator us_custom_faef17f5 has_text_color size_small with_line width_default thick_2 style_dashed color_border align_center\"><div class=\"w-separator-h\"><\/div><\/div><nav class=\"g-breadcrumbs us_custom_71d3e3d1 separator_icon align_none\" itemscope itemtype=\"http:\/\/schema.org\/BreadcrumbList\"><div class=\"g-breadcrumbs-item\" itemscope itemprop=\"itemListElement\" itemtype=\"http:\/\/schema.org\/ListItem\"><a itemprop=\"item\" href=\"https:\/\/pardinho.sp.gov.br\/portal\/\"><span itemprop=\"name\">Principal<\/span><\/a><meta itemprop=\"position\" content=\"1\"\/><\/div><div class=\"g-breadcrumbs-separator\"><i class=\"far fa-angle-right\"><\/i><\/div><div class=\"g-breadcrumbs-item\">P\u00e1ginas<\/div><\/nav><\/div><\/div><\/div><\/div><\/section><section class=\"l-section wpb_row height_medium\" id=\"01\"><div class=\"l-section-h i-cf\"><div class=\"g-cols vc_row via_grid cols_1 laptops-cols_inherit tablets-cols_inherit mobiles-cols_1 valign_top type_default stacking_default\"><div class=\"wpb_column vc_column_container\"><div class=\"vc_column-inner\"><div class=\"g-cols wpb_row via_grid cols_1-3 laptops-cols_inherit tablets-cols_inherit mobiles-cols_1 valign_top type_default stacking_default\" style=\"--gap:3rem;\"><div class=\"wpb_column vc_column_container\"><div class=\"vc_column-inner\"><h3 class=\"w-text us_custom_0a1ff250 has_text_color icon_atleft\"><span class=\"w-text-h\"><i class=\"fas fa-chevron-right\"><\/i><span class=\"w-text-value\">Assist\u00eancia Social<\/span><\/span><\/h3><\/div><\/div><div class=\"wpb_column vc_column_container\"><div class=\"vc_column-inner\"><div class=\"wpb_text_column\"><div class=\"wpb_wrapper\"><p data-start=\"100\" data-end=\"257\"><strong data-start=\"100\" data-end=\"116\">Respons\u00e1vel:<\/strong> Odneia Gloor dos Santos<br data-start=\"140\" data-end=\"143\" \/><strong data-start=\"143\" data-end=\"156\">Telefone:<\/strong> (14) 3886-2151<br data-start=\"171\" data-end=\"174\" \/><strong data-start=\"174\" data-end=\"185\">E-mail:<\/strong> <a href=\"mailto:neia.gloor@pardinho.sp.gov.br\">neia.gloor@pardinho.sp.gov.br<\/a><\/p>\n<\/div><\/div><\/div><\/div><\/div><\/div><\/div><\/div><\/div><\/section><section class=\"l-section wpb_row us_custom_fe9ce664 height_medium\" id=\"02\"><div class=\"l-section-h i-cf\"><div class=\"g-cols vc_row via_grid cols_1 laptops-cols_inherit tablets-cols_inherit mobiles-cols_1 valign_top type_default stacking_default\"><div class=\"wpb_column vc_column_container\"><div class=\"vc_column-inner\"><div class=\"g-cols wpb_row via_grid cols_1-3 laptops-cols_inherit tablets-cols_inherit mobiles-cols_1 valign_top type_default stacking_default\" style=\"--gap:3rem;\"><div class=\"wpb_column vc_column_container\"><div class=\"vc_column-inner\"><h3 class=\"w-text us_custom_0a1ff250 has_text_color icon_atleft\"><span class=\"w-text-h\"><i class=\"fas fa-chevron-right\"><\/i><span class=\"w-text-value\">Educa\u00e7\u00e3o<\/span><\/span><\/h3><\/div><\/div><div class=\"wpb_column vc_column_container\"><div class=\"vc_column-inner\"><div class=\"wpb_text_column\"><div class=\"wpb_wrapper\"><p data-start=\"100\" data-end=\"257\"><span style=\"color: #333333;\"><strong>Respons\u00e1vel: Larissa Corulli da Rocha Camargo Almeida<\/strong><\/span><br data-start=\"336\" data-end=\"339\" \/><span style=\"color: #333333;\"><strong>Telefone: (14) 3886-1524<\/strong><\/span><br data-start=\"367\" data-end=\"370\" \/><span style=\"color: #333333;\"><strong>E-mail:<\/strong><\/span><a href=\"mailto:larissa.corulli@pardinho.sp.gov.br\"><span> <\/span>larissa.corulli@pardinho.sp.gov.br<\/a><\/p>\n<\/div><\/div><\/div><\/div><\/div><\/div><\/div><\/div><\/div><\/section><section class=\"l-section wpb_row height_medium\" id=\"03\"><div class=\"l-section-h i-cf\"><div class=\"g-cols vc_row via_grid cols_1 laptops-cols_inherit tablets-cols_inherit mobiles-cols_1 valign_top type_default stacking_default\"><div class=\"wpb_column vc_column_container\"><div class=\"vc_column-inner\"><div class=\"g-cols wpb_row via_grid cols_1-3 laptops-cols_inherit tablets-cols_inherit mobiles-cols_1 valign_top type_default stacking_default\" style=\"--gap:3rem;\"><div class=\"wpb_column vc_column_container\"><div class=\"vc_column-inner\"><h3 class=\"w-text us_custom_0a1ff250 has_text_color icon_atleft\"><span class=\"w-text-h\"><i class=\"fas fa-chevron-right\"><\/i><span class=\"w-text-value\">Sa\u00fade<\/span><\/span><\/h3><\/div><\/div><div class=\"wpb_column vc_column_container\"><div class=\"vc_column-inner\"><div class=\"wpb_text_column\"><div class=\"wpb_wrapper\"><p data-start=\"480\" data-end=\"651\"><strong data-start=\"480\" data-end=\"496\">Respons\u00e1vel:<\/strong> Josiane Pinto de Carvalho Rocha<br data-start=\"528\" data-end=\"531\" \/><strong data-start=\"531\" data-end=\"544\">Telefone:<\/strong> (14) 3886-1334<br data-start=\"559\" data-end=\"562\" \/><strong data-start=\"562\" data-end=\"573\">E-mail:<\/strong> <a href=\"mailto:josil.carvalho@pardinho.sp.gov.br\">josi.carvalho@pardinho.sp.gov.br<\/a><\/p>\n<\/div><\/div><\/div><\/div><\/div><\/div><\/div><\/div><\/div><\/section><section class=\"l-section wpb_row us_custom_fe9ce664 height_medium\" id=\"04\"><div class=\"l-section-h i-cf\"><div class=\"g-cols vc_row via_grid cols_1 laptops-cols_inherit tablets-cols_inherit mobiles-cols_1 valign_top type_default stacking_default\"><div class=\"wpb_column vc_column_container\"><div class=\"vc_column-inner\"><div class=\"g-cols wpb_row via_grid cols_1-3 laptops-cols_inherit tablets-cols_inherit mobiles-cols_1 valign_top type_default stacking_default\" style=\"--gap:3rem;\"><div class=\"wpb_column vc_column_container\"><div class=\"vc_column-inner\"><h3 class=\"w-text us_custom_0a1ff250 has_text_color icon_atleft\"><span class=\"w-text-h\"><i class=\"fas fa-chevron-right\"><\/i><span class=\"w-text-value\">Gabinete<\/span><\/span><\/h3><\/div><\/div><div class=\"wpb_column vc_column_container\"><div class=\"vc_column-inner\"><div class=\"wpb_text_column\"><div class=\"wpb_wrapper\"><p data-start=\"100\" data-end=\"257\"><span style=\"color: #333333;\"><strong data-start=\"673\" data-end=\"689\">Respons\u00e1vel:<\/strong> Maria F\u00e1tima de Paula<\/span><br data-start=\"711\" data-end=\"714\" \/><span style=\"color: #333333;\"><strong data-start=\"714\" data-end=\"727\">Telefone:<\/strong> (14) 3886-9200 &#8211; Ramal 9208<\/span><br data-start=\"755\" data-end=\"758\" \/><span style=\"color: #333333;\"><strong data-start=\"758\" data-end=\"769\">E-mail:<\/strong><\/span><a href=\"mailto:prefeitura@pardinho.sp.gov.br\"><span> <\/span>prefeitura@pardinho.sp.gov.br<\/a><\/p>\n<\/div><\/div><\/div><\/div><\/div><\/div><\/div><\/div><\/div><\/section><section class=\"l-section wpb_row height_medium\" id=\"05\"><div class=\"l-section-h i-cf\"><div class=\"g-cols vc_row via_grid cols_1 laptops-cols_inherit tablets-cols_inherit mobiles-cols_1 valign_top type_default stacking_default\"><div class=\"wpb_column vc_column_container\"><div class=\"vc_column-inner\"><div class=\"g-cols wpb_row via_grid cols_1-3 laptops-cols_inherit tablets-cols_inherit mobiles-cols_1 valign_top type_default stacking_default\" style=\"--gap:3rem;\"><div class=\"wpb_column vc_column_container\"><div class=\"vc_column-inner\"><h3 class=\"w-text us_custom_0a1ff250 has_text_color icon_atleft\"><span class=\"w-text-h\"><i class=\"fas fa-chevron-right\"><\/i><span class=\"w-text-value\">Cultura<\/span><\/span><\/h3><\/div><\/div><div class=\"wpb_column vc_column_container\"><div class=\"vc_column-inner\"><div class=\"wpb_text_column\"><div class=\"wpb_wrapper\"><p data-start=\"480\" data-end=\"651\"><span>(Sem dados preenchidos)<\/span><\/p>\n<\/div><\/div><\/div><\/div><\/div><\/div><\/div><\/div><\/div><\/section><section class=\"l-section wpb_row us_custom_fe9ce664 height_medium\" id=\"06\"><div class=\"l-section-h i-cf\"><div class=\"g-cols vc_row via_grid cols_1 laptops-cols_inherit tablets-cols_inherit mobiles-cols_1 valign_top type_default stacking_default\"><div class=\"wpb_column vc_column_container\"><div class=\"vc_column-inner\"><div class=\"g-cols wpb_row via_grid cols_1-3 laptops-cols_inherit tablets-cols_inherit mobiles-cols_1 valign_top type_default stacking_default\" style=\"--gap:3rem;\"><div class=\"wpb_column vc_column_container\"><div class=\"vc_column-inner\"><h3 class=\"w-text us_custom_0a1ff250 has_text_color icon_atleft\"><span class=\"w-text-h\"><i class=\"fas fa-chevron-right\"><\/i><span class=\"w-text-value\">Meio Ambiente<\/span><\/span><\/h3><\/div><\/div><div class=\"wpb_column vc_column_container\"><div class=\"vc_column-inner\"><div class=\"wpb_text_column\"><div class=\"wpb_wrapper\"><p data-start=\"100\" data-end=\"257\"><span style=\"color: #333333;\"><strong data-start=\"1001\" data-end=\"1017\">Respons\u00e1vel:<\/strong> Jos\u00e9 Roberto Bertoncini Dorini<\/span><br data-start=\"1048\" data-end=\"1051\" \/><span style=\"color: #333333;\"><strong data-start=\"1051\" data-end=\"1064\">Telefone:<\/strong> (14) 3886-1314<\/span><br data-start=\"1079\" data-end=\"1082\" \/><span style=\"color: #333333;\"><strong data-start=\"1082\" data-end=\"1093\">E-mail:<\/strong><\/span><a href=\"mailto:roberto.bertoncini@pardinho.sp.gov.br\"><span> <\/span>roberto.bertoncini@pardinho.sp.gov.br<\/a><\/p>\n<\/div><\/div><\/div><\/div><\/div><\/div><\/div><\/div><\/div><\/section><section class=\"l-section wpb_row height_medium\" id=\"07\"><div class=\"l-section-h i-cf\"><div class=\"g-cols vc_row via_grid cols_1 laptops-cols_inherit tablets-cols_inherit mobiles-cols_1 valign_top type_default stacking_default\"><div class=\"wpb_column vc_column_container\"><div class=\"vc_column-inner\"><div class=\"g-cols wpb_row via_grid cols_1-3 laptops-cols_inherit tablets-cols_inherit mobiles-cols_1 valign_top type_default stacking_default\" style=\"--gap:3rem;\"><div class=\"wpb_column vc_column_container\"><div class=\"vc_column-inner\"><h3 class=\"w-text us_custom_0a1ff250 has_text_color icon_atleft\"><span class=\"w-text-h\"><i class=\"fas fa-chevron-right\"><\/i><span class=\"w-text-value\">Turismo<\/span><\/span><\/h3><\/div><\/div><div class=\"wpb_column vc_column_container\"><div class=\"vc_column-inner\"><div class=\"wpb_text_column\"><div class=\"wpb_wrapper\"><p data-start=\"480\" data-end=\"651\"><strong data-start=\"1200\" data-end=\"1216\">Respons\u00e1vel:<\/strong><span> Ana Silvia Frutuoso Costa<\/span><br data-start=\"1242\" data-end=\"1245\" \/><strong data-start=\"1245\" data-end=\"1258\">Telefone:<\/strong><span> (14) 3886-1314<\/span><br data-start=\"1273\" data-end=\"1276\" \/><strong data-start=\"1276\" data-end=\"1300\">E-mail:<\/strong><a href=\"mailto:turismo@pardinho.sp.gov.br\"><span> <\/span>turismo@pardinho.sp.gov.br<\/a><\/p>\n<\/div><\/div><\/div><\/div><\/div><\/div><\/div><\/div><\/div><\/section><section class=\"l-section wpb_row us_custom_fe9ce664 height_medium\" id=\"08\"><div class=\"l-section-h i-cf\"><div class=\"g-cols vc_row via_grid cols_1 laptops-cols_inherit tablets-cols_inherit mobiles-cols_1 valign_top type_default stacking_default\"><div class=\"wpb_column vc_column_container\"><div class=\"vc_column-inner\"><div class=\"g-cols wpb_row via_grid cols_1-3 laptops-cols_inherit tablets-cols_inherit mobiles-cols_1 valign_top type_default stacking_default\" style=\"--gap:3rem;\"><div class=\"wpb_column vc_column_container\"><div class=\"vc_column-inner\"><h3 class=\"w-text us_custom_0a1ff250 has_text_color icon_atleft\"><span class=\"w-text-h\"><i class=\"fas fa-chevron-right\"><\/i><span class=\"w-text-value\">Esportes<\/span><\/span><\/h3><\/div><\/div><div class=\"wpb_column vc_column_container\"><div class=\"vc_column-inner\"><div class=\"wpb_text_column\"><div class=\"wpb_wrapper\"><p data-start=\"100\" data-end=\"257\"><span style=\"color: #333333;\"><strong data-start=\"1349\" data-end=\"1365\">Respons\u00e1vel:<\/strong> Guilherme Paes de Almeida<\/span><br data-start=\"1391\" data-end=\"1394\" \/><span style=\"color: #333333;\"><strong data-start=\"1394\" data-end=\"1407\">Telefone:<\/strong> (14) 3886-9205<\/span><br data-start=\"1422\" data-end=\"1425\" \/><span style=\"color: #333333;\"><strong data-start=\"1425\" data-end=\"1457\">E-mail:<\/strong><\/span><a href=\"mailto:guilherme.almeida@pardinho.sp.gov.br\"><span> <\/span>guilherme.almeida@pardinho.sp.gov.br<\/a><\/p>\n<\/div><\/div><\/div><\/div><\/div><\/div><\/div><\/div><\/div><\/section><section class=\"l-section wpb_row height_medium\" id=\"09\"><div class=\"l-section-h i-cf\"><div class=\"g-cols vc_row via_grid cols_1 laptops-cols_inherit tablets-cols_inherit mobiles-cols_1 valign_top type_default stacking_default\"><div class=\"wpb_column vc_column_container\"><div class=\"vc_column-inner\"><div class=\"g-cols wpb_row via_grid cols_1-3 laptops-cols_inherit tablets-cols_inherit mobiles-cols_1 valign_top type_default stacking_default\" style=\"--gap:3rem;\"><div class=\"wpb_column vc_column_container\"><div class=\"vc_column-inner\"><h3 class=\"w-text us_custom_0a1ff250 has_text_color icon_atleft\"><span class=\"w-text-h\"><i class=\"fas fa-chevron-right\"><\/i><span class=\"w-text-value\">Tesouraria<\/span><\/span><\/h3><\/div><\/div><div class=\"wpb_column vc_column_container\"><div class=\"vc_column-inner\"><div class=\"wpb_text_column\"><div class=\"wpb_wrapper\"><p data-start=\"480\" data-end=\"651\"><strong data-start=\"1517\" data-end=\"1533\">Respons\u00e1vel:<\/strong><span> Joice Alves da Silva Pytilak<\/span><br data-start=\"1562\" data-end=\"1565\" \/><strong data-start=\"1565\" data-end=\"1578\">Telefone:<\/strong><span> (14) 3886-9200 \u2013 R.9211<\/span><br data-start=\"1602\" data-end=\"1605\" \/><strong data-start=\"1605\" data-end=\"1616\">E-mail:<\/strong><a href=\"mailto:joice.alves@pardinho.sp.gov.br\"><span> <\/span>joice.alves@pardinho.sp.gov.br<\/a><\/p>\n<\/div><\/div><\/div><\/div><\/div><\/div><\/div><\/div><\/div><\/section><section class=\"l-section wpb_row us_custom_fe9ce664 height_medium\" id=\"10\"><div class=\"l-section-h i-cf\"><div class=\"g-cols vc_row via_grid cols_1 laptops-cols_inherit tablets-cols_inherit mobiles-cols_1 valign_top type_default stacking_default\"><div class=\"wpb_column vc_column_container\"><div class=\"vc_column-inner\"><div class=\"g-cols wpb_row via_grid cols_1-3 laptops-cols_inherit tablets-cols_inherit mobiles-cols_1 valign_top type_default stacking_default\" style=\"--gap:3rem;\"><div class=\"wpb_column vc_column_container\"><div class=\"vc_column-inner\"><h3 class=\"w-text us_custom_0a1ff250 has_text_color icon_atleft\"><span class=\"w-text-h\"><i class=\"fas fa-chevron-right\"><\/i><span class=\"w-text-value\">Engenharia<\/span><\/span><\/h3><\/div><\/div><div class=\"wpb_column vc_column_container\"><div class=\"vc_column-inner\"><div class=\"wpb_text_column\"><div class=\"wpb_wrapper\"><p data-start=\"100\" data-end=\"257\"><span style=\"color: #333333;\"><strong data-start=\"1712\" data-end=\"1728\">Respons\u00e1vel:<\/strong> Jos\u00e9 Roberto Ramos<\/span><br data-start=\"1747\" data-end=\"1750\" \/><span style=\"color: #333333;\"><strong data-start=\"1750\" data-end=\"1763\">Telefone:<\/strong> (14) 3886-9200 \u2013 R.9205<\/span><br data-start=\"1787\" data-end=\"1790\" \/><span style=\"color: #333333;\"><strong data-start=\"1790\" data-end=\"1825\">E-mail:<\/strong><\/span><a href=\"mailto:engenharia@pardinho.sp.gov.br\"><span> <\/span>engenharia@pardinho.sp.gov.br<\/a><\/p>\n<\/div><\/div><\/div><\/div><\/div><\/div><\/div><\/div><\/div><\/section><section class=\"l-section wpb_row height_medium\" id=\"11\"><div class=\"l-section-h i-cf\"><div class=\"g-cols vc_row via_grid cols_1 laptops-cols_inherit tablets-cols_inherit mobiles-cols_1 valign_top type_default stacking_default\"><div class=\"wpb_column vc_column_container\"><div class=\"vc_column-inner\"><div class=\"g-cols wpb_row via_grid cols_1-3 laptops-cols_inherit tablets-cols_inherit mobiles-cols_1 valign_top type_default stacking_default\" style=\"--gap:3rem;\"><div class=\"wpb_column vc_column_container\"><div class=\"vc_column-inner\"><h3 class=\"w-text us_custom_0a1ff250 has_text_color icon_atleft\"><span class=\"w-text-h\"><i class=\"fas fa-chevron-right\"><\/i><span class=\"w-text-value\">Finan\u00e7as<\/span><\/span><\/h3><\/div><\/div><div class=\"wpb_column vc_column_container\"><div class=\"vc_column-inner\"><div class=\"wpb_text_column\"><div class=\"wpb_wrapper\"><p data-start=\"100\" data-end=\"257\"><strong data-start=\"1877\" data-end=\"1893\">Respons\u00e1vel:<\/strong><span> Giovana Cristina Soares Rocha<\/span><br data-start=\"1923\" data-end=\"1926\" \/><strong data-start=\"1926\" data-end=\"1939\">Telefone:<\/strong><span> (14) 3886-9200 \u2013 R.9210<\/span><br data-start=\"1963\" data-end=\"1966\" \/><strong data-start=\"1966\" data-end=\"1977\">E-mail:<\/strong><a href=\"mailto:giovana@pardinho.sp.gov.br\"><span> <\/span>giovana@pardinho.sp.gov.br<\/a><\/p>\n<\/div><\/div><\/div><\/div><\/div><\/div><\/div><\/div><\/div><\/section><section class=\"l-section wpb_row us_custom_fe9ce664 height_medium\" id=\"12\"><div class=\"l-section-h i-cf\"><div class=\"g-cols vc_row via_grid cols_1 laptops-cols_inherit tablets-cols_inherit mobiles-cols_1 valign_top type_default stacking_default\"><div class=\"wpb_column vc_column_container\"><div class=\"vc_column-inner\"><div class=\"g-cols wpb_row via_grid cols_1-3 laptops-cols_inherit tablets-cols_inherit mobiles-cols_1 valign_top type_default stacking_default\" style=\"--gap:3rem;\"><div class=\"wpb_column vc_column_container\"><div class=\"vc_column-inner\"><h3 class=\"w-text us_custom_0a1ff250 has_text_color icon_atleft\"><span class=\"w-text-h\"><i class=\"fas fa-chevron-right\"><\/i><span class=\"w-text-value\">Vigil\u00e2ncia<\/span><\/span><\/h3><\/div><\/div><div class=\"wpb_column vc_column_container\"><div class=\"vc_column-inner\"><div class=\"wpb_text_column\"><div class=\"wpb_wrapper\"><p data-start=\"100\" data-end=\"257\"><span style=\"color: #333333;\"><strong data-start=\"1877\" data-end=\"1893\">Respons\u00e1vel:<\/strong> Camila Jorge de Souza<\/span><br data-start=\"1923\" data-end=\"1926\" \/><span style=\"color: #333333;\"><strong data-start=\"1926\" data-end=\"1939\">Telefone:<\/strong> (14) 3886-1144<\/span><\/p>\n<\/div><\/div><\/div><\/div><\/div><\/div><\/div><\/div><\/div><\/section><section class=\"l-section wpb_row height_medium\"><div class=\"l-section-h i-cf\"><div class=\"g-cols vc_row via_grid cols_1 laptops-cols_inherit tablets-cols_inherit mobiles-cols_1 valign_top type_default stacking_default\"><div class=\"wpb_column vc_column_container\"><div class=\"vc_column-inner\"><div class=\"w-separator size_medium with_line width_default thick_2 style_dashed color_border align_center\"><div class=\"w-separator-h\"><\/div><\/div><div class=\"w-sharing us_custom_da65c38a type_solid align_none color_default\"><div class=\"w-sharing-list\" data-content-image=\"true\"><a class=\"w-sharing-item email\" href=\"mailto:?subject=Coordenadorias&amp;body=https:\/\/pardinho.sp.gov.br\/portal\/wp-json\/wp\/v2\/pages\/341\" title=\"Enviar isto por e-mail\" aria-label=\"Enviar isto por e-mail\"><i class=\"fas fa-envelope\"><\/i><\/a><a class=\"w-sharing-item facebook\" href=\"https:\/\/www.facebook.com\/sharer\/sharer.php?u=https:\/\/pardinho.sp.gov.br\/portal\/wp-json\/wp\/v2\/pages\/341&amp;quote=Coordenadorias\" title=\"Compartilhar isso\" aria-label=\"Compartilhar isso\" onclick=\"window.open(this.href, &quot;facebook&quot;, &quot;toolbar=0,width=900,height=500&quot;); return false;\"><i class=\"fab fa-facebook\"><\/i><\/a><a class=\"w-sharing-item twitter\" href=\"https:\/\/twitter.com\/intent\/tweet?text=Coordenadorias&amp;url=https:\/\/pardinho.sp.gov.br\/portal\/wp-json\/wp\/v2\/pages\/341\" title=\"Compartilhar isso\" aria-label=\"Compartilhar isso\" onclick=\"window.open(this.href, &quot;twitter&quot;, &quot;toolbar=0,width=650,height=360&quot;); return false;\"><i class=\"fab fa-x-twitter\"><svg style=\"width:1em; margin-bottom:-.1em;\" xmlns=\"http:\/\/www.w3.org\/2000\/svg\" viewBox=\"0 0 512 512\"><path fill=\"currentColor\" d=\"M389.2 48h70.6L305.6 224.2 487 464H345L233.7 318.6 106.5 464H35.8L200.7 275.5 26.8 48H172.4L272.9 180.9 389.2 48zM364.4 421.8h39.1L151.1 88h-42L364.4 421.8z\"\/><\/svg><\/i><\/a><a class=\"w-sharing-item linkedin\" href=\"https:\/\/www.linkedin.com\/shareArticle?mini=true&amp;url=https:\/\/pardinho.sp.gov.br\/portal\/wp-json\/wp\/v2\/pages\/341\" title=\"Compartilhar isso\" aria-label=\"Compartilhar isso\" onclick=\"window.open(this.href, &quot;linkedin&quot;, &quot;toolbar=no,width=550,height=550&quot;); return false;\"><i class=\"fab fa-linkedin\"><\/i><\/a><a class=\"w-sharing-item pinterest\" href=\"https:\/\/www.pinterest.com\/pin\/create\/button\/?url=https:\/\/pardinho.sp.gov.br\/portal\/wp-json\/wp\/v2\/pages\/341&amp;media={{image}}&amp;description=Coordenadorias\" title=\"Pinar isso\" aria-label=\"Pinar isso\" onclick=\"window.open(this.href, &quot;pinterest&quot;, &quot;toolbar=no,width=700,height=300&quot;); return false;\"><i class=\"fab fa-pinterest\"><\/i><\/a><a class=\"w-sharing-item vk\" href=\"https:\/\/vk.com\/share.php?url=https:\/\/pardinho.sp.gov.br\/portal\/wp-json\/wp\/v2\/pages\/341&amp;title=Coordenadorias&amp;description=&amp;image={{image}}\" title=\"Compartilhar isso\" aria-label=\"Compartilhar isso\" onclick=\"window.open(this.href, &quot;vk&quot;, &quot;toolbar=no,width=700,height=300&quot;); return false;\"><i class=\"fab fa-vk\"><\/i><\/a><a class=\"w-sharing-item whatsapp\" href=\"https:\/\/web.whatsapp.com\/send?text=Coordenadorias https:\/\/pardinho.sp.gov.br\/portal\/wp-json\/wp\/v2\/pages\/341\" title=\"Compartilhar isso\" aria-label=\"Compartilhar isso\" onclick=\"window.open(this.href, &quot;whatsapp&quot;, &quot;toolbar=0,width=900,height=500&quot;); return false;\"><i class=\"fab fa-whatsapp\"><\/i><\/a><a class=\"w-sharing-item xing\" href=\"https:\/\/www.xing.com\/spi\/shares\/new?url=https:\/\/pardinho.sp.gov.br\/portal\/wp-json\/wp\/v2\/pages\/341\" title=\"Compartilhar isso\" aria-label=\"Compartilhar isso\" onclick=\"window.open(this.href, &quot;xing&quot;, &quot;toolbar=no,width=900,height=500&quot;); return false;\"><i class=\"fab fa-xing\"><\/i><\/a><a class=\"w-sharing-item reddit\" href=\"https:\/\/www.reddit.com\/submit?url=https:\/\/pardinho.sp.gov.br\/portal\/wp-json\/wp\/v2\/pages\/341&amp;title=Coordenadorias\" title=\"Compartilhar isso\" aria-label=\"Compartilhar isso\" onclick=\"window.open(this.href, &quot;reddit&quot;, &quot;toolbar=no,width=900,height=500&quot;); return false;\"><i class=\"fab fa-reddit\"><\/i><\/a><\/div><div class=\"w-sharing-tooltip active\" style=\"display:none\" data-sharing-area=\"post_content\"><div  class=\"w-sharing-list\" data-content-image=\"true\" data-sharing-url=\"https:\/\/pardinho.sp.gov.br\/portal\/wp-json\/wp\/v2\/pages\/341\"><a  class=\"w-sharing-item email\" title=\"Enviar isto por e-mail\" aria-label=\"Enviar isto por e-mail\" data-url=\"mailto:?subject={{text}}&amp;body=https:\/\/pardinho.sp.gov.br\/portal\/wp-json\/wp\/v2\/pages\/341\"><i class=\"fas fa-envelope\"><\/i><\/a><a  class=\"w-sharing-item facebook\" title=\"Compartilhar isso\" aria-label=\"Compartilhar isso\" onclick=\"window.open(this.href, &quot;facebook&quot;, &quot;toolbar=0,width=900,height=500&quot;); return false;\" data-url=\"https:\/\/www.facebook.com\/sharer\/sharer.php?u=https:\/\/pardinho.sp.gov.br\/portal\/wp-json\/wp\/v2\/pages\/341&amp;quote={{text}}\"><i class=\"fab fa-facebook\"><\/i><\/a><a  class=\"w-sharing-item twitter\" title=\"Compartilhar isso\" aria-label=\"Compartilhar isso\" onclick=\"window.open(this.href, &quot;twitter&quot;, &quot;toolbar=0,width=650,height=360&quot;); return false;\" data-url=\"https:\/\/twitter.com\/intent\/tweet?text={{text}}&amp;url=https:\/\/pardinho.sp.gov.br\/portal\/wp-json\/wp\/v2\/pages\/341\"><i class=\"fab fa-x-twitter\"><svg style=\"width:1em; margin-bottom:-.1em;\" xmlns=\"http:\/\/www.w3.org\/2000\/svg\" viewBox=\"0 0 512 512\"><path fill=\"currentColor\" d=\"M389.2 48h70.6L305.6 224.2 487 464H345L233.7 318.6 106.5 464H35.8L200.7 275.5 26.8 48H172.4L272.9 180.9 389.2 48zM364.4 421.8h39.1L151.1 88h-42L364.4 421.8z\"\/><\/svg><\/i><\/a><a  class=\"w-sharing-item linkedin\" title=\"Compartilhar isso\" aria-label=\"Compartilhar isso\" onclick=\"window.open(this.href, &quot;linkedin&quot;, &quot;toolbar=no,width=550,height=550&quot;); return false;\" data-url=\"https:\/\/www.linkedin.com\/shareArticle?mini=true&amp;url=https:\/\/pardinho.sp.gov.br\/portal\/wp-json\/wp\/v2\/pages\/341\"><i class=\"fab fa-linkedin\"><\/i><\/a><a  class=\"w-sharing-item pinterest\" title=\"Pinar isso\" aria-label=\"Pinar isso\" onclick=\"window.open(this.href, &quot;pinterest&quot;, &quot;toolbar=no,width=700,height=300&quot;); return false;\" data-url=\"https:\/\/www.pinterest.com\/pin\/create\/button\/?url=https:\/\/pardinho.sp.gov.br\/portal\/wp-json\/wp\/v2\/pages\/341&amp;media={{image}}&amp;description={{text}}\"><i class=\"fab fa-pinterest\"><\/i><\/a><a  class=\"w-sharing-item vk\" title=\"Compartilhar isso\" aria-label=\"Compartilhar isso\" onclick=\"window.open(this.href, &quot;vk&quot;, &quot;toolbar=no,width=700,height=300&quot;); return false;\" data-url=\"https:\/\/vk.com\/share.php?url=https:\/\/pardinho.sp.gov.br\/portal\/wp-json\/wp\/v2\/pages\/341&amp;title={{text}}&amp;description=&amp;image={{image}}\"><i class=\"fab fa-vk\"><\/i><\/a><a  class=\"w-sharing-item whatsapp\" title=\"Compartilhar isso\" aria-label=\"Compartilhar isso\" onclick=\"window.open(this.href, &quot;whatsapp&quot;, &quot;toolbar=0,width=900,height=500&quot;); return false;\" data-url=\"https:\/\/web.whatsapp.com\/send?text={{text}} https:\/\/pardinho.sp.gov.br\/portal\/wp-json\/wp\/v2\/pages\/341\"><i class=\"fab fa-whatsapp\"><\/i><\/a><a  class=\"w-sharing-item xing\" title=\"Compartilhar isso\" aria-label=\"Compartilhar isso\" onclick=\"window.open(this.href, &quot;xing&quot;, &quot;toolbar=no,width=900,height=500&quot;); return false;\" data-url=\"https:\/\/www.xing.com\/spi\/shares\/new?url=https:\/\/pardinho.sp.gov.br\/portal\/wp-json\/wp\/v2\/pages\/341\"><i class=\"fab fa-xing\"><\/i><\/a><a  class=\"w-sharing-item reddit\" title=\"Compartilhar isso\" aria-label=\"Compartilhar isso\" onclick=\"window.open(this.href, &quot;reddit&quot;, &quot;toolbar=no,width=900,height=500&quot;); return false;\" data-url=\"https:\/\/www.reddit.com\/submit?url=https:\/\/pardinho.sp.gov.br\/portal\/wp-json\/wp\/v2\/pages\/341&amp;title={{text}}\"><i class=\"fab fa-reddit\"><\/i><\/a><button class=\"w-sharing-item copy2clipboard\" title=\"Copiar\" aria-label=\"Copiar\"><i class=\"fas fa-copy\"><\/i><\/button><\/div><\/div><\/div><\/div><\/div><\/div><\/div><\/section>\n","protected":false},"excerpt":{"rendered":"CoordenadoriasPrincipalP\u00e1ginasAssist\u00eancia SocialRespons\u00e1vel: Odneia Gloor dos SantosTelefone: (14) 3886-2151E-mail: neia.gloor@pardinho.sp.gov.br Educa\u00e7\u00e3oRespons\u00e1vel: Larissa Corulli da Rocha Camargo AlmeidaTelefone: (14) 3886-1524E-mail: larissa.corulli@pardinho.sp.gov.br Sa\u00fadeRespons\u00e1vel: Josiane Pinto de Carvalho RochaTelefone: (14) 3886-1334E-mail: josi.carvalho@pardinho.sp.gov.br GabineteRespons\u00e1vel: Maria F\u00e1tima de PaulaTelefone: (14) 3886-9200 &#8211; Ramal 9208E-mail: prefeitura@pardinho.sp.gov.br Cultura(Sem dados preenchidos) Meio AmbienteRespons\u00e1vel: Jos\u00e9 Roberto Bertoncini DoriniTelefone: (14) 3886-1314E-mail: roberto.bertoncini@pardinho.sp.gov.br TurismoRespons\u00e1vel: Ana Silvia Frutuoso...","protected":false},"author":1,"featured_media":0,"parent":0,"menu_order":0,"comment_status":"closed","ping_status":"closed","template":"","meta":{"footnotes":""},"class_list":["post-341","page","type-page","status-publish","hentry"],"_links":{"self":[{"href":"https:\/\/pardinho.sp.gov.br\/portal\/wp-json\/wp\/v2\/pages\/341","targetHints":{"allow":["GET"]}}],"collection":[{"href":"https:\/\/pardinho.sp.gov.br\/portal\/wp-json\/wp\/v2\/pages"}],"about":[{"href":"https:\/\/pardinho.sp.gov.br\/portal\/wp-json\/wp\/v2\/types\/page"}],"author":[{"embeddable":true,"href":"https:\/\/pardinho.sp.gov.br\/portal\/wp-json\/wp\/v2\/users\/1"}],"replies":[{"embeddable":true,"href":"https:\/\/pardinho.sp.gov.br\/portal\/wp-json\/wp\/v2\/comments?post=341"}],"version-history":[{"count":21,"href":"https:\/\/pardinho.sp.gov.br\/portal\/wp-json\/wp\/v2\/pages\/341\/revisions"}],"predecessor-version":[{"id":467,"href":"https:\/\/pardinho.sp.gov.br\/portal\/wp-json\/wp\/v2\/pages\/341\/revisions\/467"}],"wp:attachment":[{"href":"https:\/\/pardinho.sp.gov.br\/portal\/wp-json\/wp\/v2\/media?parent=341"}],"curies":[{"name":"wp","href":"https:\/\/api.w.org\/{rel}","templated":true}]}}