{"id":8,"date":"2025-04-18T00:46:00","date_gmt":"2025-04-18T00:46:00","guid":{"rendered":"https:\/\/pardinho.sp.gov.br\/portal\/inicio\/"},"modified":"2026-04-06T17:13:08","modified_gmt":"2026-04-06T20:13:08","slug":"inicio","status":"publish","type":"page","link":"https:\/\/pardinho.sp.gov.br\/portal\/","title":{"rendered":"In\u00edcio"},"content":{"rendered":"<section class=\"l-section wpb_row height_auto width_full\"><div class=\"l-section-h i-cf\"><div class=\"g-cols vc_row via_grid cols_1 laptops-cols_inherit tablets-cols_inherit mobiles-cols_1 valign_top type_default stacking_default\"><div class=\"wpb_column vc_column_container\"><div class=\"vc_column-inner\">\n\t\t\t\t<p class=\"rs-p-wp-fix\"><\/p>\n\t\t\t\t<sr7-module data-alias=\"PRINCIPAL\" data-id=\"1\" id=\"SR7_1_1\" class=\"rs-ov-hidden\" data-version=\"6.7.32\">\n\t\t\t\t\t<sr7-adjuster><\/sr7-adjuster>\n\t\t\t\t\t<sr7-content>\n\t\t\t\t\t\t<sr7-slide id=\"SR7_1_1-8\" data-key=\"8\">\n\t\t\t\t\t\t<\/sr7-slide>\n\t\t\t\t\t\t<sr7-slide id=\"SR7_1_1-1\" data-key=\"1\">\n\t\t\t\t\t\t<\/sr7-slide>\n\t\t\t\t\t\t<sr7-slide id=\"SR7_1_1-4\" data-key=\"4\">\n\t\t\t\t\t\t<\/sr7-slide>\n\t\t\t\t\t\t<sr7-slide id=\"SR7_1_1-2\" data-key=\"2\">\n\t\t\t\t\t\t<\/sr7-slide>\n\t\t\t\t\t<\/sr7-content>\n\t\t\t\t\t<image_lists style=\"display:none\">\n\t\t\t\t\t\t<img data-src=\"\/\/pardinho.sp.gov.br\/portal\/wp-content\/uploads\/2025\/04\/SLIDER-01_1.jpg\" data-libid=\"253\" data-lib=\"medialibrary\" title=\"SLIDER 01_1\" width=\"0\" height=\"0\" data-dbsrc=\"Ly9wYXJkaW5oby5zcC5nb3YuYnIvcG9ydGFsL3dwLWNvbnRlbnQvdXBsb2Fkcy8yMDI1LzA0L1NMSURFUi0wMV8xLmpwZw==\"\/>\n\t\t\t\t\t\t<img data-src=\"\/\/pardinho.sp.gov.br\/portal\/wp-content\/uploads\/2025\/04\/SLIDER-01-M_1.jpg\" data-libid=\"256\" data-lib=\"medialibrary\" title=\"SLIDER 01 M_1\" width=\"0\" height=\"0\" data-dbsrc=\"Ly9wYXJkaW5oby5zcC5nb3YuYnIvcG9ydGFsL3dwLWNvbnRlbnQvdXBsb2Fkcy8yMDI1LzA0L1NMSURFUi0wMS1NXzEuanBn\"\/>\n\t\t\t\t\t\t<img data-src=\"\/\/pardinho.sp.gov.br\/portal\/wp-content\/uploads\/2025\/04\/SLIDER-TURISMO-D_1.jpg\" data-libid=\"282\" data-lib=\"medialibrary\" title=\"SLIDER TURISMO D_1\" width=\"0\" height=\"0\" data-dbsrc=\"Ly9wYXJkaW5oby5zcC5nb3YuYnIvcG9ydGFsL3dwLWNvbnRlbnQvdXBsb2Fkcy8yMDI1LzA0L1NMSURFUi1UVVJJU01PLURfMS5qcGc=\"\/>\n\t\t\t\t\t\t<img data-src=\"\/\/pardinho.sp.gov.br\/portal\/wp-content\/uploads\/2025\/04\/SLIDER-TURISMO-M_1.jpg\" data-libid=\"283\" data-lib=\"medialibrary\" title=\"SLIDER TURISMO M_1\" width=\"0\" height=\"0\" data-dbsrc=\"Ly9wYXJkaW5oby5zcC5nb3YuYnIvcG9ydGFsL3dwLWNvbnRlbnQvdXBsb2Fkcy8yMDI1LzA0L1NMSURFUi1UVVJJU01PLU1fMS5qcGc=\"\/>\n\t\t\t\t\t\t<img data-src=\"\/\/pardinho.sp.gov.br\/portal\/wp-content\/uploads\/2025\/10\/Banner-Site.jpg\" data-libid=\"459\" data-lib=\"medialibrary\" title=\"Banner Site\" width=\"0\" height=\"0\" data-dbsrc=\"Ly9wYXJkaW5oby5zcC5nb3YuYnIvcG9ydGFsL3dwLWNvbnRlbnQvdXBsb2Fkcy8yMDI1LzEwL0Jhbm5lci1TaXRlLmpwZw==\"\/>\n\t\t\t\t\t\t<img data-src=\"\/\/pardinho.sp.gov.br\/portal\/wp-content\/uploads\/2025\/10\/mobile-fesmurp.jpg\" data-libid=\"464\" data-lib=\"medialibrary\" title=\"mobile fesmurp\" width=\"0\" height=\"0\" data-dbsrc=\"Ly9wYXJkaW5oby5zcC5nb3YuYnIvcG9ydGFsL3dwLWNvbnRlbnQvdXBsb2Fkcy8yMDI1LzEwL21vYmlsZS1mZXNtdXJwLmpwZw==\"\/>\n\t\t\t\t\t<\/image_lists>\n\t\t\t\t<\/sr7-module>\n\t\t\t\t<script>\n\t\t\t\t\tSR7.PMH ??={}; SR7.PMH[\"SR7_1_1\"] = {cn:100,state:false,fn: function() { if (_tpt!==undefined && _tpt.prepareModuleHeight !== undefined) {  _tpt.prepareModuleHeight({id:\"SR7_1_1\",el:[500,500,768,960,690],type:'standard',shdw:'0',gh:[500,500,768,960,690],gw:[1920,1920,1024,778,480],vpt:['-100px&#039;,&#039;-100px&#039;,&#039;-100px&#039;,&#039;-100px&#039;,&#039;-100px'],size:{fullWidth:true, fullHeight:false},mh:'0',onh:0,onw:0,bg:{color:'{\"orig\":\"transparent\",\"type\":\"solid\",\"string\":\"transparent\"}'},plType:'3',plColor:'#094ca0'});   SR7.PMH[\"SR7_1_1\"].state=true;} else if(SR7.PMH[\"SR7_1_1\"].cn-->0)\tsetTimeout( SR7.PMH[\"SR7_1_1\"].fn,19);}};SR7.PMH[\"SR7_1_1\" ].fn();\n\t\t\t\t<\/script>\n<\/div><\/div><\/div><\/div><\/section><section class=\"l-section wpb_row height_auto with_img\"><div class=\"l-section-img\" role=\"img\" data-img-width=\"1080\" data-img-height=\"584\" style=\"background-image: url(https:\/\/pardinho.sp.gov.br\/portal\/wp-content\/uploads\/2025\/04\/bg_top_home.svg);\"><\/div><div class=\"l-section-h i-cf\"><div class=\"g-cols vc_row via_grid cols_1 laptops-cols_inherit tablets-cols_inherit mobiles-cols_1 valign_top type_default stacking_default\"><div class=\"wpb_column vc_column_container\"><div class=\"vc_column-inner\"><div class=\"w-separator us_custom_faef17f5 has_text_color size_custom\" style=\"height:12px\"><\/div><\/div><\/div><\/div><\/div><\/section><section class=\"l-section wpb_row height_medium\"><div class=\"l-section-h i-cf\"><div class=\"g-cols vc_row via_grid cols_1 laptops-cols_inherit tablets-cols_inherit mobiles-cols_1 valign_top type_default stacking_default\"><div class=\"wpb_column vc_column_container\"><div class=\"vc_column-inner\"><div class=\"w-text us_custom_3e801e24 has_text_color icon_atleft\"><span class=\"w-text-h\"><i class=\"fas fa-newspaper\"><\/i><span class=\"w-text-value\">\u00daLTIMAS NOT\u00cdCIAS<\/span><\/span><\/div><div class=\"w-separator size_small with_line width_default thick_2 style_dashed color_border align_center\"><div class=\"w-separator-h\"><\/div><\/div><div class=\"w-grid type_grid layout_47 cols_3 overflow_hidden\" id=\"us_grid_1\" style=\"--gap:1.5rem;\" data-filterable=\"true\"><style>@media (max-width:1024px){#us_grid_1 .w-grid-item{width:50%}}@media (max-width:600px){#us_grid_1 .w-grid-list{margin:0}#us_grid_1 .w-grid-item{width:100%;padding:0;margin-bottom:var(--gap,0px)}}.layout_47 .w-grid-item-h{background:var(--color-content-bg);color:var(--color-content-text);border-radius:0.3rem;box-shadow:0 0.03rem 0.06rem rgba(0,0,0,0.1),0 0.1rem 0.3rem rgba(0,0,0,0.1);transition-duration:0.3s}.no-touch .layout_47 .w-grid-item-h:hover{box-shadow:0 0.1rem 0.2rem rgba(0,0,0,0.1),0 0.33rem 1rem rgba(0,0,0,0.15);z-index:4}.layout_47 .usg_post_image_1{transition-duration:0.3s;transform-origin:50% 50%;transform:scale(1) translate(0%,0%)}.layout_47 .w-grid-item-h:hover .usg_post_image_1{transform:scale(1.2) translate(0%,0%);opacity:1}.layout_47 .usg_post_date_1{transition-duration:0.3s;transform-origin:50% 50%;transform:scale(1) translate(0%,0%)}.layout_47 .w-grid-item-h:hover .usg_post_date_1{transform:scale(1) translate(0%,0%);opacity:1}.layout_47 .usg_post_image_1{margin-bottom:-2rem!important}.layout_47 .usg_post_title_1{font-size:1.4rem!important;font-weight:700!important}.layout_47 .usg_vwrapper_1{margin-top:2rem!important;padding:9% 11% 11% 11%!important}.layout_47 .usg_post_taxonomy_1{font-size:10px!important;font-weight:700!important;text-transform:uppercase!important;position:absolute!important;left:1.2rem!important;top:1.2rem!important;right:1.2rem!important;z-index:2!important}.layout_47 .usg_hwrapper_1{color:var(--color-content-faded)!important;font-size:0.9rem!important}.layout_47 .usg_post_date_1{color:#094CA0!important;font-weight:700!important}@media (max-width:600px){.layout_47 .usg_post_title_1{font-size:1.2rem!important}}<\/style><div class=\"w-grid-list\">\t<article class=\"w-grid-item size_1x1 post-454 post type-post status-publish format-standard has-post-thumbnail hentry category-noticias\" data-id=\"454\">\r\n\t\t<div class=\"w-grid-item-h\">\r\n\t\t\t\t\t\t<div class=\"w-post-elm post_image usg_post_image_1 stretched\"><a href=\"https:\/\/pardinho.sp.gov.br\/portal\/inscricoes-abertas-para-o-15o-fesmurp-festival-de-musica-raiz-de-pardinho\/\" aria-label=\"Inscri\u00e7\u00f5es abertas para o 15\u00ba FESMURP \u2013 Festival de M\u00fasica Raiz de Pardinho\"><img loading=\"lazy\" decoding=\"async\" width=\"819\" height=\"1024\" src=\"https:\/\/pardinho.sp.gov.br\/portal\/wp-content\/uploads\/2025\/10\/Fesmurp-2025-Feed-Lamparina-819x1024.jpg\" class=\"attachment-large size-large wp-post-image\" alt=\"\" srcset=\"https:\/\/pardinho.sp.gov.br\/portal\/wp-content\/uploads\/2025\/10\/Fesmurp-2025-Feed-Lamparina-819x1024.jpg 819w, https:\/\/pardinho.sp.gov.br\/portal\/wp-content\/uploads\/2025\/10\/Fesmurp-2025-Feed-Lamparina-240x300.jpg 240w, https:\/\/pardinho.sp.gov.br\/portal\/wp-content\/uploads\/2025\/10\/Fesmurp-2025-Feed-Lamparina.jpg 1080w\" sizes=\"auto, (max-width: 819px) 100vw, 819px\" \/><\/a><\/div><div class=\"w-post-elm post_taxonomy usg_post_taxonomy_1 style_badge color_link_inherit\"><a class=\"w-btn us-btn-style_badge term-3 term-noticias\" href=\"https:\/\/pardinho.sp.gov.br\/portal\/category\/noticias\/\"><span class=\"w-btn-label\">Not\u00edcias<\/span><\/a><\/div><div class=\"w-vwrapper usg_vwrapper_1 align_none valign_top\"><h2 class=\"w-post-elm post_title usg_post_title_1 entry-title color_link_inherit\"><a href=\"https:\/\/pardinho.sp.gov.br\/portal\/inscricoes-abertas-para-o-15o-fesmurp-festival-de-musica-raiz-de-pardinho\/\">Inscri\u00e7\u00f5es abertas para o 15\u00ba FESMURP \u2013 Festival de M\u00fasica Raiz de Pardinho<\/a><\/h2><div class=\"w-hwrapper usg_hwrapper_1 has_text_color align_none valign_top wrap\"><time class=\"w-post-elm post_date usg_post_date_1 has_text_color entry-date published\" datetime=\"2025-10-03T13:52:56-03:00\"><i class=\"fas fa-calendar-alt\"><\/i>3 de outubro de 2025<\/time><\/div><div class=\"w-post-elm post_content usg_post_content_1\">A Prefeitura Municipal de Pardinho, em parceria com o Instituto Jatob\u00e1s e Centro Max Feffer, sob dire\u00e7\u00e3o e produ\u00e7\u00e3o da&hellip;<\/div><a class=\"w-btn us-btn-style_1 usg_btn_1 icon_atleft\" href=\"https:\/\/pardinho.sp.gov.br\/portal\/inscricoes-abertas-para-o-15o-fesmurp-festival-de-musica-raiz-de-pardinho\/\"><i class=\"fas fa-chevron-right\"><\/i><span class=\"w-btn-label\">Ler mais<\/span><\/a><\/div>\t\t<\/div>\r\n\t\t\t<\/article>\r\n\t<article class=\"w-grid-item size_1x1 post-368 post type-post status-publish format-standard has-post-thumbnail hentry category-concursos category-noticias\" data-id=\"368\">\r\n\t\t<div class=\"w-grid-item-h\">\r\n\t\t\t\t\t\t<div class=\"w-post-elm post_image usg_post_image_1 stretched\"><a href=\"https:\/\/pardinho.sp.gov.br\/portal\/prefeitura-de-pardinho-abre-processo-seletivo-com-vagas-para-diversas-areas\/\" aria-label=\"Prefeitura de Pardinho abre Processo Seletivo com vagas para diversas \u00e1reas\"><img loading=\"lazy\" decoding=\"async\" width=\"1000\" height=\"668\" src=\"https:\/\/pardinho.sp.gov.br\/portal\/wp-content\/uploads\/2025\/06\/concurso.jpg\" class=\"attachment-large size-large wp-post-image\" alt=\"\" srcset=\"https:\/\/pardinho.sp.gov.br\/portal\/wp-content\/uploads\/2025\/06\/concurso.jpg 1000w, https:\/\/pardinho.sp.gov.br\/portal\/wp-content\/uploads\/2025\/06\/concurso-300x200.jpg 300w\" sizes=\"auto, (max-width: 1000px) 100vw, 1000px\" \/><\/a><\/div><div class=\"w-post-elm post_taxonomy usg_post_taxonomy_1 style_badge color_link_inherit\"><div class=\"w-post-elm-list\"><a class=\"w-btn us-btn-style_badge term-5 term-concursos\" href=\"https:\/\/pardinho.sp.gov.br\/portal\/category\/concursos\/\"><span class=\"w-btn-label\">Concursos<\/span><\/a><a class=\"w-btn us-btn-style_badge term-3 term-noticias\" href=\"https:\/\/pardinho.sp.gov.br\/portal\/category\/noticias\/\"><span class=\"w-btn-label\">Not\u00edcias<\/span><\/a><\/div><\/div><div class=\"w-vwrapper usg_vwrapper_1 align_none valign_top\"><h2 class=\"w-post-elm post_title usg_post_title_1 entry-title color_link_inherit\"><a href=\"https:\/\/pardinho.sp.gov.br\/portal\/prefeitura-de-pardinho-abre-processo-seletivo-com-vagas-para-diversas-areas\/\">Prefeitura de Pardinho abre Processo Seletivo com vagas para diversas \u00e1reas<\/a><\/h2><div class=\"w-hwrapper usg_hwrapper_1 has_text_color align_none valign_top wrap\"><time class=\"w-post-elm post_date usg_post_date_1 has_text_color entry-date published\" datetime=\"2025-06-16T15:09:31-03:00\"><i class=\"fas fa-calendar-alt\"><\/i>16 de junho de 2025<\/time><\/div><div class=\"w-post-elm post_content usg_post_content_1\">A Prefeitura Municipal de Pardinho abriu inscri\u00e7\u00f5es para o Processo Seletivo n\u00ba 001\/2025, com oportunidades em diferentes \u00e1reas da administra\u00e7\u00e3o&hellip;<\/div><a class=\"w-btn us-btn-style_1 usg_btn_1 icon_atleft\" href=\"https:\/\/pardinho.sp.gov.br\/portal\/prefeitura-de-pardinho-abre-processo-seletivo-com-vagas-para-diversas-areas\/\"><i class=\"fas fa-chevron-right\"><\/i><span class=\"w-btn-label\">Ler mais<\/span><\/a><\/div>\t\t<\/div>\r\n\t\t\t<\/article>\r\n\t<article class=\"w-grid-item size_1x1 post-331 post type-post status-publish format-standard has-post-thumbnail hentry category-noticias category-saude\" data-id=\"331\">\r\n\t\t<div class=\"w-grid-item-h\">\r\n\t\t\t\t\t\t<div class=\"w-post-elm post_image usg_post_image_1 stretched\"><a href=\"https:\/\/pardinho.sp.gov.br\/portal\/utirao-de-consultas-oftalmologicas-reforca-compromisso-com-a-saude-preventiva-em-pardinho\/\" aria-label=\"Mutir\u00e3o de consultas oftalmol\u00f3gicas\"><img loading=\"lazy\" decoding=\"async\" width=\"1024\" height=\"1024\" src=\"https:\/\/pardinho.sp.gov.br\/portal\/wp-content\/uploads\/2025\/05\/WhatsApp-Image-2025-05-19-at-10.31.44-3-1024x1024.jpeg\" class=\"attachment-large size-large wp-post-image\" alt=\"\" srcset=\"https:\/\/pardinho.sp.gov.br\/portal\/wp-content\/uploads\/2025\/05\/WhatsApp-Image-2025-05-19-at-10.31.44-3-1024x1024.jpeg 1024w, https:\/\/pardinho.sp.gov.br\/portal\/wp-content\/uploads\/2025\/05\/WhatsApp-Image-2025-05-19-at-10.31.44-3-300x300.jpeg 300w, https:\/\/pardinho.sp.gov.br\/portal\/wp-content\/uploads\/2025\/05\/WhatsApp-Image-2025-05-19-at-10.31.44-3-150x150.jpeg 150w, https:\/\/pardinho.sp.gov.br\/portal\/wp-content\/uploads\/2025\/05\/WhatsApp-Image-2025-05-19-at-10.31.44-3.jpeg 1080w\" sizes=\"auto, (max-width: 1024px) 100vw, 1024px\" \/><\/a><\/div><div class=\"w-post-elm post_taxonomy usg_post_taxonomy_1 style_badge color_link_inherit\"><div class=\"w-post-elm-list\"><a class=\"w-btn us-btn-style_badge term-3 term-noticias\" href=\"https:\/\/pardinho.sp.gov.br\/portal\/category\/noticias\/\"><span class=\"w-btn-label\">Not\u00edcias<\/span><\/a><a class=\"w-btn us-btn-style_badge term-4 term-saude\" href=\"https:\/\/pardinho.sp.gov.br\/portal\/category\/noticias\/saude\/\"><span class=\"w-btn-label\">Sa\u00fade<\/span><\/a><\/div><\/div><div class=\"w-vwrapper usg_vwrapper_1 align_none valign_top\"><h2 class=\"w-post-elm post_title usg_post_title_1 entry-title color_link_inherit\"><a href=\"https:\/\/pardinho.sp.gov.br\/portal\/utirao-de-consultas-oftalmologicas-reforca-compromisso-com-a-saude-preventiva-em-pardinho\/\">Mutir\u00e3o de consultas oftalmol\u00f3gicas<\/a><\/h2><div class=\"w-hwrapper usg_hwrapper_1 has_text_color align_none valign_top wrap\"><time class=\"w-post-elm post_date usg_post_date_1 has_text_color entry-date published\" datetime=\"2025-05-19T13:21:10-03:00\"><i class=\"fas fa-calendar-alt\"><\/i>19 de maio de 2025<\/time><\/div><div class=\"w-post-elm post_content usg_post_content_1\">Durante os meses de abril e maio, a Prefeitura de Pardinho, por meio da Diretoria Municipal de Sa\u00fade, realizou um&hellip;<\/div><a class=\"w-btn us-btn-style_1 usg_btn_1 icon_atleft\" href=\"https:\/\/pardinho.sp.gov.br\/portal\/utirao-de-consultas-oftalmologicas-reforca-compromisso-com-a-saude-preventiva-em-pardinho\/\"><i class=\"fas fa-chevron-right\"><\/i><span class=\"w-btn-label\">Ler mais<\/span><\/a><\/div>\t\t<\/div>\r\n\t\t\t<\/article>\r\n\t<article class=\"w-grid-item size_1x1 post-317 post type-post status-publish format-standard has-post-thumbnail hentry category-noticias\" data-id=\"317\">\r\n\t\t<div class=\"w-grid-item-h\">\r\n\t\t\t\t\t\t<div class=\"w-post-elm post_image usg_post_image_1 stretched\"><a href=\"https:\/\/pardinho.sp.gov.br\/portal\/pardinho-recebe-seu-maior-investimento-industrial-com-nova-unidade-da-carolina-soil\/\" aria-label=\"Pardinho recebe seu maior investimento industrial com nova unidade da Carolina Soil\"><img loading=\"lazy\" decoding=\"async\" width=\"1024\" height=\"575\" src=\"https:\/\/pardinho.sp.gov.br\/portal\/wp-content\/uploads\/2025\/05\/WhatsApp-Image-2025-05-19-at-10.26.00-1-1024x575.jpeg\" class=\"attachment-large size-large wp-post-image\" alt=\"\" srcset=\"https:\/\/pardinho.sp.gov.br\/portal\/wp-content\/uploads\/2025\/05\/WhatsApp-Image-2025-05-19-at-10.26.00-1-1024x575.jpeg 1024w, https:\/\/pardinho.sp.gov.br\/portal\/wp-content\/uploads\/2025\/05\/WhatsApp-Image-2025-05-19-at-10.26.00-1-300x168.jpeg 300w, https:\/\/pardinho.sp.gov.br\/portal\/wp-content\/uploads\/2025\/05\/WhatsApp-Image-2025-05-19-at-10.26.00-1.jpeg 1600w\" sizes=\"auto, (max-width: 1024px) 100vw, 1024px\" \/><\/a><\/div><div class=\"w-post-elm post_taxonomy usg_post_taxonomy_1 style_badge color_link_inherit\"><a class=\"w-btn us-btn-style_badge term-3 term-noticias\" href=\"https:\/\/pardinho.sp.gov.br\/portal\/category\/noticias\/\"><span class=\"w-btn-label\">Not\u00edcias<\/span><\/a><\/div><div class=\"w-vwrapper usg_vwrapper_1 align_none valign_top\"><h2 class=\"w-post-elm post_title usg_post_title_1 entry-title color_link_inherit\"><a href=\"https:\/\/pardinho.sp.gov.br\/portal\/pardinho-recebe-seu-maior-investimento-industrial-com-nova-unidade-da-carolina-soil\/\">Pardinho recebe seu maior investimento industrial com nova unidade da Carolina Soil<\/a><\/h2><div class=\"w-hwrapper usg_hwrapper_1 has_text_color align_none valign_top wrap\"><time class=\"w-post-elm post_date usg_post_date_1 has_text_color entry-date published\" datetime=\"2025-05-14T13:08:33-03:00\"><i class=\"fas fa-calendar-alt\"><\/i>14 de maio de 2025<\/time><\/div><div class=\"w-post-elm post_content usg_post_content_1\">Na \u00faltima segunda-feira, 12 de maio, o munic\u00edpio de Pardinho viveu um momento hist\u00f3rico para o desenvolvimento econ\u00f4mico da cidade.&hellip;<\/div><a class=\"w-btn us-btn-style_1 usg_btn_1 icon_atleft\" href=\"https:\/\/pardinho.sp.gov.br\/portal\/pardinho-recebe-seu-maior-investimento-industrial-com-nova-unidade-da-carolina-soil\/\"><i class=\"fas fa-chevron-right\"><\/i><span class=\"w-btn-label\">Ler mais<\/span><\/a><\/div>\t\t<\/div>\r\n\t\t\t<\/article>\r\n\t<article class=\"w-grid-item size_1x1 post-291 post type-post status-publish format-standard has-post-thumbnail hentry category-noticias\" data-id=\"291\">\r\n\t\t<div class=\"w-grid-item-h\">\r\n\t\t\t\t\t\t<div class=\"w-post-elm post_image usg_post_image_1 stretched\"><a href=\"https:\/\/pardinho.sp.gov.br\/portal\/festa-do-dia-das-maes-celebra-afeto-reconhecimento-e-fortalecimento-de-vinculos-em-pardinho\/\" aria-label=\"Festa do Dia das M\u00e3es\"><img loading=\"lazy\" decoding=\"async\" width=\"1024\" height=\"687\" src=\"https:\/\/pardinho.sp.gov.br\/portal\/wp-content\/uploads\/2025\/05\/WhatsApp-Image-2025-05-19-at-10.13.50-2-1024x687.jpeg\" class=\"attachment-large size-large wp-post-image\" alt=\"\" srcset=\"https:\/\/pardinho.sp.gov.br\/portal\/wp-content\/uploads\/2025\/05\/WhatsApp-Image-2025-05-19-at-10.13.50-2-1024x687.jpeg 1024w, https:\/\/pardinho.sp.gov.br\/portal\/wp-content\/uploads\/2025\/05\/WhatsApp-Image-2025-05-19-at-10.13.50-2-300x201.jpeg 300w, https:\/\/pardinho.sp.gov.br\/portal\/wp-content\/uploads\/2025\/05\/WhatsApp-Image-2025-05-19-at-10.13.50-2.jpeg 1600w\" sizes=\"auto, (max-width: 1024px) 100vw, 1024px\" \/><\/a><\/div><div class=\"w-post-elm post_taxonomy usg_post_taxonomy_1 style_badge color_link_inherit\"><a class=\"w-btn us-btn-style_badge term-3 term-noticias\" href=\"https:\/\/pardinho.sp.gov.br\/portal\/category\/noticias\/\"><span class=\"w-btn-label\">Not\u00edcias<\/span><\/a><\/div><div class=\"w-vwrapper usg_vwrapper_1 align_none valign_top\"><h2 class=\"w-post-elm post_title usg_post_title_1 entry-title color_link_inherit\"><a href=\"https:\/\/pardinho.sp.gov.br\/portal\/festa-do-dia-das-maes-celebra-afeto-reconhecimento-e-fortalecimento-de-vinculos-em-pardinho\/\">Festa do Dia das M\u00e3es<\/a><\/h2><div class=\"w-hwrapper usg_hwrapper_1 has_text_color align_none valign_top wrap\"><time class=\"w-post-elm post_date usg_post_date_1 has_text_color entry-date published\" datetime=\"2025-05-10T13:00:56-03:00\"><i class=\"fas fa-calendar-alt\"><\/i>10 de maio de 2025<\/time><\/div><div class=\"w-post-elm post_content usg_post_content_1\">A Prefeitura Municipal de Pardinho realizou uma grande celebra\u00e7\u00e3o em homenagem ao Dia das M\u00e3es, promovendo um evento marcado por&hellip;<\/div><a class=\"w-btn us-btn-style_1 usg_btn_1 icon_atleft\" href=\"https:\/\/pardinho.sp.gov.br\/portal\/festa-do-dia-das-maes-celebra-afeto-reconhecimento-e-fortalecimento-de-vinculos-em-pardinho\/\"><i class=\"fas fa-chevron-right\"><\/i><span class=\"w-btn-label\">Ler mais<\/span><\/a><\/div>\t\t<\/div>\r\n\t\t\t<\/article>\r\n\t<article class=\"w-grid-item size_1x1 post-32 post type-post status-publish format-standard has-post-thumbnail hentry category-noticias category-saude\" data-id=\"32\">\r\n\t\t<div class=\"w-grid-item-h\">\r\n\t\t\t\t\t\t<div class=\"w-post-elm post_image usg_post_image_1 stretched\"><a href=\"https:\/\/pardinho.sp.gov.br\/portal\/campanha-de-vacinacao-contra-a-influenza\/\" aria-label=\"Campanha de Vacina\u00e7\u00e3o contra a Influenza\"><img loading=\"lazy\" decoding=\"async\" width=\"1024\" height=\"682\" src=\"https:\/\/pardinho.sp.gov.br\/portal\/wp-content\/uploads\/2025\/04\/vacina-1024x682.jpg\" class=\"attachment-large size-large wp-post-image\" alt=\"\" srcset=\"https:\/\/pardinho.sp.gov.br\/portal\/wp-content\/uploads\/2025\/04\/vacina-1024x682.jpg 1024w, https:\/\/pardinho.sp.gov.br\/portal\/wp-content\/uploads\/2025\/04\/vacina-300x200.jpg 300w, https:\/\/pardinho.sp.gov.br\/portal\/wp-content\/uploads\/2025\/04\/vacina.jpg 2000w\" sizes=\"auto, (max-width: 1024px) 100vw, 1024px\" \/><\/a><\/div><div class=\"w-post-elm post_taxonomy usg_post_taxonomy_1 style_badge color_link_inherit\"><div class=\"w-post-elm-list\"><a class=\"w-btn us-btn-style_badge term-3 term-noticias\" href=\"https:\/\/pardinho.sp.gov.br\/portal\/category\/noticias\/\"><span class=\"w-btn-label\">Not\u00edcias<\/span><\/a><a class=\"w-btn us-btn-style_badge term-4 term-saude\" href=\"https:\/\/pardinho.sp.gov.br\/portal\/category\/noticias\/saude\/\"><span class=\"w-btn-label\">Sa\u00fade<\/span><\/a><\/div><\/div><div class=\"w-vwrapper usg_vwrapper_1 align_none valign_top\"><h2 class=\"w-post-elm post_title usg_post_title_1 entry-title color_link_inherit\"><a href=\"https:\/\/pardinho.sp.gov.br\/portal\/campanha-de-vacinacao-contra-a-influenza\/\">Campanha de Vacina\u00e7\u00e3o contra a Influenza<\/a><\/h2><div class=\"w-hwrapper usg_hwrapper_1 has_text_color align_none valign_top wrap\"><time class=\"w-post-elm post_date usg_post_date_1 has_text_color entry-date published\" datetime=\"2025-04-21T20:34:18-03:00\"><i class=\"fas fa-calendar-alt\"><\/i>21 de abril de 2025<\/time><\/div><div class=\"w-post-elm post_content usg_post_content_1\">A Campanha de Vacina\u00e7\u00e3o contra a Influenza come\u00e7ou! A vacina \u00e9 a melhor forma de se proteger e proteger quem&hellip;<\/div><a class=\"w-btn us-btn-style_1 usg_btn_1 icon_atleft\" href=\"https:\/\/pardinho.sp.gov.br\/portal\/campanha-de-vacinacao-contra-a-influenza\/\"><i class=\"fas fa-chevron-right\"><\/i><span class=\"w-btn-label\">Ler mais<\/span><\/a><\/div>\t\t<\/div>\r\n\t\t\t<\/article>\r\n\t<article class=\"w-grid-item size_1x1 post-49 post type-post status-publish format-standard has-post-thumbnail hentry category-noticias category-saude\" data-id=\"49\">\r\n\t\t<div class=\"w-grid-item-h\">\r\n\t\t\t\t\t\t<div class=\"w-post-elm post_image usg_post_image_1 stretched\"><a href=\"https:\/\/pardinho.sp.gov.br\/portal\/mutirao-de-mamografia-em-pardinho\/\" aria-label=\"Mutir\u00e3o de Mamografia em Pardinho!\"><img loading=\"lazy\" decoding=\"async\" width=\"1024\" height=\"768\" src=\"https:\/\/pardinho.sp.gov.br\/portal\/wp-content\/uploads\/2025\/04\/486694125_992794033012430_441924063599467077_n-1024x768.jpg\" class=\"attachment-large size-large wp-post-image\" alt=\"\" srcset=\"https:\/\/pardinho.sp.gov.br\/portal\/wp-content\/uploads\/2025\/04\/486694125_992794033012430_441924063599467077_n-1024x768.jpg 1024w, https:\/\/pardinho.sp.gov.br\/portal\/wp-content\/uploads\/2025\/04\/486694125_992794033012430_441924063599467077_n-300x225.jpg 300w, https:\/\/pardinho.sp.gov.br\/portal\/wp-content\/uploads\/2025\/04\/486694125_992794033012430_441924063599467077_n.jpg 1440w\" sizes=\"auto, (max-width: 1024px) 100vw, 1024px\" \/><\/a><\/div><div class=\"w-post-elm post_taxonomy usg_post_taxonomy_1 style_badge color_link_inherit\"><div class=\"w-post-elm-list\"><a class=\"w-btn us-btn-style_badge term-3 term-noticias\" href=\"https:\/\/pardinho.sp.gov.br\/portal\/category\/noticias\/\"><span class=\"w-btn-label\">Not\u00edcias<\/span><\/a><a class=\"w-btn us-btn-style_badge term-4 term-saude\" href=\"https:\/\/pardinho.sp.gov.br\/portal\/category\/noticias\/saude\/\"><span class=\"w-btn-label\">Sa\u00fade<\/span><\/a><\/div><\/div><div class=\"w-vwrapper usg_vwrapper_1 align_none valign_top\"><h2 class=\"w-post-elm post_title usg_post_title_1 entry-title color_link_inherit\"><a href=\"https:\/\/pardinho.sp.gov.br\/portal\/mutirao-de-mamografia-em-pardinho\/\">Mutir\u00e3o de Mamografia em Pardinho!<\/a><\/h2><div class=\"w-hwrapper usg_hwrapper_1 has_text_color align_none valign_top wrap\"><time class=\"w-post-elm post_date usg_post_date_1 has_text_color entry-date published\" datetime=\"2025-04-02T21:09:36-03:00\"><i class=\"fas fa-calendar-alt\"><\/i>2 de abril de 2025<\/time><\/div><div class=\"w-post-elm post_content usg_post_content_1\">Cuidar da sa\u00fade \u00e9 um ato de amor pr\u00f3prio! Durante o Mutir\u00e3o da Sa\u00fade da Mulher, realizado nos dias 27,&hellip;<\/div><a class=\"w-btn us-btn-style_1 usg_btn_1 icon_atleft\" href=\"https:\/\/pardinho.sp.gov.br\/portal\/mutirao-de-mamografia-em-pardinho\/\"><i class=\"fas fa-chevron-right\"><\/i><span class=\"w-btn-label\">Ler mais<\/span><\/a><\/div>\t\t<\/div>\r\n\t\t\t<\/article>\r\n\t<article class=\"w-grid-item size_1x1 post-44 post type-post status-publish format-standard has-post-thumbnail hentry category-noticias category-saude\" data-id=\"44\">\r\n\t\t<div class=\"w-grid-item-h\">\r\n\t\t\t\t\t\t<div class=\"w-post-elm post_image usg_post_image_1 stretched\"><a href=\"https:\/\/pardinho.sp.gov.br\/portal\/vasectomia-gratuita-em-pardinho\/\" aria-label=\"Vasectomia gratuita em Pardinho!\"><img loading=\"lazy\" decoding=\"async\" width=\"1024\" height=\"575\" src=\"https:\/\/pardinho.sp.gov.br\/portal\/wp-content\/uploads\/2025\/04\/02-1024x575.jpg\" class=\"attachment-large size-large wp-post-image\" alt=\"\" srcset=\"https:\/\/pardinho.sp.gov.br\/portal\/wp-content\/uploads\/2025\/04\/02-1024x575.jpg 1024w, https:\/\/pardinho.sp.gov.br\/portal\/wp-content\/uploads\/2025\/04\/02-300x169.jpg 300w, https:\/\/pardinho.sp.gov.br\/portal\/wp-content\/uploads\/2025\/04\/02.jpg 2000w\" sizes=\"auto, (max-width: 1024px) 100vw, 1024px\" \/><\/a><\/div><div class=\"w-post-elm post_taxonomy usg_post_taxonomy_1 style_badge color_link_inherit\"><div class=\"w-post-elm-list\"><a class=\"w-btn us-btn-style_badge term-3 term-noticias\" href=\"https:\/\/pardinho.sp.gov.br\/portal\/category\/noticias\/\"><span class=\"w-btn-label\">Not\u00edcias<\/span><\/a><a class=\"w-btn us-btn-style_badge term-4 term-saude\" href=\"https:\/\/pardinho.sp.gov.br\/portal\/category\/noticias\/saude\/\"><span class=\"w-btn-label\">Sa\u00fade<\/span><\/a><\/div><\/div><div class=\"w-vwrapper usg_vwrapper_1 align_none valign_top\"><h2 class=\"w-post-elm post_title usg_post_title_1 entry-title color_link_inherit\"><a href=\"https:\/\/pardinho.sp.gov.br\/portal\/vasectomia-gratuita-em-pardinho\/\">Vasectomia gratuita em Pardinho!<\/a><\/h2><div class=\"w-hwrapper usg_hwrapper_1 has_text_color align_none valign_top wrap\"><time class=\"w-post-elm post_date usg_post_date_1 has_text_color entry-date published\" datetime=\"2025-03-20T20:48:48-03:00\"><i class=\"fas fa-calendar-alt\"><\/i>20 de mar\u00e7o de 2025<\/time><\/div><div class=\"w-post-elm post_content usg_post_content_1\">A Prefeitura Municipal de Pardinho, por meio da Coordenadoria de Sa\u00fade, est\u00e1 oferecendo cirurgia de vasectomia gratuita para os mun\u00edcipes!&hellip;<\/div><a class=\"w-btn us-btn-style_1 usg_btn_1 icon_atleft\" href=\"https:\/\/pardinho.sp.gov.br\/portal\/vasectomia-gratuita-em-pardinho\/\"><i class=\"fas fa-chevron-right\"><\/i><span class=\"w-btn-label\">Ler mais<\/span><\/a><\/div>\t\t<\/div>\r\n\t\t\t<\/article>\r\n<\/div><div class=\"w-grid-preloader\">\t<div class=\"g-preloader type_1\">\r\n\t\t<div><\/div>\r\n\t<\/div>\r\n\t<\/div>\t<div class=\"w-grid-json hidden\" onclick='return {&quot;action&quot;:&quot;us_ajax_grid&quot;,&quot;infinite_scroll&quot;:0,&quot;max_num_pages&quot;:1,&quot;pagination&quot;:&quot;none&quot;,&quot;template_vars&quot;:{&quot;columns&quot;:&quot;3&quot;,&quot;exclude_items&quot;:&quot;none&quot;,&quot;img_size&quot;:&quot;default&quot;,&quot;ignore_items_size&quot;:0,&quot;items_layout&quot;:&quot;47&quot;,&quot;items_offset&quot;:&quot;1&quot;,&quot;load_animation&quot;:&quot;none&quot;,&quot;overriding_link&quot;:&quot;%7B%22url%22%3A%22%22%7D&quot;,&quot;post_id&quot;:0,&quot;query_args&quot;:{&quot;post_type&quot;:[&quot;post&quot;],&quot;tax_query&quot;:[{&quot;taxonomy&quot;:&quot;category&quot;,&quot;field&quot;:&quot;slug&quot;,&quot;terms&quot;:[&quot;noticias&quot;]}],&quot;post_status&quot;:[&quot;publish&quot;],&quot;posts_per_page&quot;:&quot;10&quot;},&quot;orderby_query_args&quot;:{&quot;orderby&quot;:{&quot;date&quot;:&quot;DESC&quot;}},&quot;type&quot;:&quot;grid&quot;,&quot;us_grid_post_type&quot;:&quot;post&quot;,&quot;us_grid_ajax_index&quot;:1,&quot;us_grid_filter_query_string&quot;:null,&quot;us_grid_index&quot;:1,&quot;page_args&quot;:[]}}'><\/div>\r\n\t<\/div><\/div><\/div><\/div><\/div><\/section><section class=\"l-section wpb_row us_custom_d88892cc height_medium\"><div class=\"l-section-h i-cf\"><div class=\"g-cols vc_row via_grid cols_1 laptops-cols_inherit tablets-cols_inherit mobiles-cols_1 valign_top type_default stacking_default\"><div class=\"wpb_column vc_column_container\"><div class=\"vc_column-inner\"><div class=\"w-text us_custom_ce944a13 has_text_color icon_atleft\"><span class=\"w-text-h\"><i class=\"fas fa-arrow-alt-circle-right\"><\/i><span class=\"w-text-value\">ACESSO R\u00c1PIDO<\/span><\/span><\/div><div class=\"w-separator us_custom_42e1b118 has_text_color hide_on_tablets hide_on_mobiles size_small with_line width_default thick_2 style_dashed color_border align_center\"><div class=\"w-separator-h\"><\/div><\/div><div class=\"w-separator us_custom_42e1b118 has_text_color hide_on_default hide_on_laptops size_large with_line width_default thick_2 style_dashed color_border align_center\"><div class=\"w-separator-h\"><\/div><\/div><div class=\"g-cols wpb_row via_grid cols_4 laptops-cols_inherit tablets-cols_inherit mobiles-cols_1 valign_top type_default stacking_default\" style=\"--gap:3rem;\"><div class=\"wpb_column vc_column_container\"><div class=\"vc_column-inner\"><div class=\"w-image align_center\"><a target=\"_blank\" href=\"https:\/\/webapp1-pardinho.cidade360.cloud\/portalservidor#\/\" aria-label=\"01\" class=\"w-image-h\"><img decoding=\"async\" width=\"307\" height=\"120\" src=\"https:\/\/pardinho.sp.gov.br\/portal\/wp-content\/uploads\/2025\/04\/01.svg\" class=\"attachment-large size-large\" alt=\"\" loading=\"lazy\" \/><\/a><\/div><\/div><\/div><div class=\"wpb_column vc_column_container\"><div class=\"vc_column-inner\"><div class=\"w-image align_center\"><div class=\"w-image-h\"><img decoding=\"async\" width=\"307\" height=\"120\" src=\"https:\/\/pardinho.sp.gov.br\/portal\/wp-content\/uploads\/2025\/04\/02.svg\" class=\"attachment-large size-large\" alt=\"\" loading=\"lazy\" \/><\/div><\/div><\/div><\/div><div class=\"wpb_column vc_column_container\"><div class=\"vc_column-inner\"><div class=\"w-image align_center\"><div class=\"w-image-h\"><img decoding=\"async\" width=\"307\" height=\"120\" src=\"https:\/\/pardinho.sp.gov.br\/portal\/wp-content\/uploads\/2025\/04\/03.svg\" class=\"attachment-large size-large\" alt=\"\" loading=\"lazy\" \/><\/div><\/div><\/div><\/div><div class=\"wpb_column vc_column_container\"><div class=\"vc_column-inner\"><div class=\"w-image align_center\"><a target=\"_blank\" href=\"https:\/\/interacaourbana.com.br\/hotsite\/projeto\/\" aria-label=\"04\" class=\"w-image-h\"><img decoding=\"async\" width=\"307\" height=\"120\" src=\"https:\/\/pardinho.sp.gov.br\/portal\/wp-content\/uploads\/2025\/04\/04.svg\" class=\"attachment-large size-large\" alt=\"\" loading=\"lazy\" \/><\/a><\/div><\/div><\/div><\/div><div class=\"w-separator hide_on_tablets hide_on_mobiles size_custom\" style=\"height:15px\"><\/div><div class=\"w-separator hide_on_default hide_on_laptops size_custom\" style=\"height:53px\"><\/div><div class=\"g-cols wpb_row via_grid cols_4 laptops-cols_inherit tablets-cols_inherit mobiles-cols_1 valign_top type_default stacking_default\" style=\"--gap:3rem;\"><div class=\"wpb_column vc_column_container\"><div class=\"vc_column-inner\"><div class=\"w-image align_center\"><a target=\"_blank\" href=\"https:\/\/imprensaoficialmunicipal.com.br\/pardinho\" aria-label=\"05\" class=\"w-image-h\"><img decoding=\"async\" width=\"307\" height=\"120\" src=\"https:\/\/pardinho.sp.gov.br\/portal\/wp-content\/uploads\/2025\/04\/05.svg\" class=\"attachment-large size-large\" alt=\"\" loading=\"lazy\" \/><\/a><\/div><\/div><\/div><div class=\"wpb_column vc_column_container\"><div class=\"vc_column-inner\"><div class=\"w-image align_center\"><a target=\"_blank\" href=\"https:\/\/www.geisweb.com.br\/pardinho\/\" aria-label=\"06\" class=\"w-image-h\"><img decoding=\"async\" width=\"307\" height=\"120\" src=\"https:\/\/pardinho.sp.gov.br\/portal\/wp-content\/uploads\/2025\/04\/06.svg\" class=\"attachment-large size-large\" alt=\"\" loading=\"lazy\" \/><\/a><\/div><\/div><\/div><div class=\"wpb_column vc_column_container\"><div class=\"vc_column-inner\"><div class=\"w-image align_center\"><div class=\"w-image-h\"><img decoding=\"async\" width=\"307\" height=\"120\" src=\"https:\/\/pardinho.sp.gov.br\/portal\/wp-content\/uploads\/2025\/04\/07.svg\" class=\"attachment-large size-large\" alt=\"\" loading=\"lazy\" \/><\/div><\/div><\/div><\/div><div class=\"wpb_column vc_column_container\"><div class=\"vc_column-inner\"><div class=\"w-image align_center\"><a target=\"_blank\" href=\"https:\/\/webapp1-pardinho.cidade360.cloud\/opnet\" aria-label=\"08\" class=\"w-image-h\"><img decoding=\"async\" width=\"307\" height=\"120\" src=\"https:\/\/pardinho.sp.gov.br\/portal\/wp-content\/uploads\/2025\/04\/08.svg\" class=\"attachment-large size-large\" alt=\"\" loading=\"lazy\" \/><\/a><\/div><\/div><\/div><\/div><div class=\"w-separator hide_on_tablets hide_on_mobiles size_custom\" style=\"height:15px\"><\/div><div class=\"w-separator hide_on_default hide_on_laptops size_custom\" style=\"height:53px\"><\/div><div class=\"g-cols wpb_row via_grid cols_4 laptops-cols_inherit tablets-cols_inherit mobiles-cols_1 valign_top type_default stacking_default\" style=\"--gap:3rem;\"><div class=\"wpb_column vc_column_container\"><div class=\"vc_column-inner\"><div class=\"w-image align_center\"><a target=\"_blank\" href=\"https:\/\/pardinho.sp.gov.br\/transparencia\/\" aria-label=\"09\" class=\"w-image-h\"><img decoding=\"async\" width=\"307\" height=\"120\" src=\"https:\/\/pardinho.sp.gov.br\/portal\/wp-content\/uploads\/2025\/04\/09.svg\" class=\"attachment-large size-large\" alt=\"\" loading=\"lazy\" \/><\/a><\/div><\/div><\/div><div class=\"wpb_column vc_column_container\"><div class=\"vc_column-inner\"><div class=\"w-image align_center\"><a href=\"\/portal\/telefones-uteis\/\" aria-label=\"10\" class=\"w-image-h\"><img decoding=\"async\" width=\"307\" height=\"120\" src=\"https:\/\/pardinho.sp.gov.br\/portal\/wp-content\/uploads\/2025\/04\/10.svg\" class=\"attachment-large size-large\" alt=\"\" loading=\"lazy\" \/><\/a><\/div><\/div><\/div><div class=\"wpb_column vc_column_container\"><div class=\"vc_column-inner\"><div class=\"w-image align_center\"><a target=\"_blank\" href=\"https:\/\/mail.hostinger.com\/\" aria-label=\"11\" class=\"w-image-h\"><img decoding=\"async\" width=\"307\" height=\"120\" src=\"https:\/\/pardinho.sp.gov.br\/portal\/wp-content\/uploads\/2025\/04\/11.svg\" class=\"attachment-large size-large\" alt=\"\" loading=\"lazy\" \/><\/a><\/div><\/div><\/div><div class=\"wpb_column vc_column_container\"><div class=\"vc_column-inner\"><div class=\"w-image align_center\"><a href=\"\/portal\/atas\" aria-label=\"12\" class=\"w-image-h\"><img decoding=\"async\" width=\"307\" height=\"120\" src=\"https:\/\/pardinho.sp.gov.br\/portal\/wp-content\/uploads\/2025\/04\/12.svg\" class=\"attachment-large size-large\" alt=\"\" loading=\"lazy\" \/><\/a><\/div><\/div><\/div><\/div><div class=\"w-separator hide_on_tablets hide_on_mobiles size_custom\" style=\"height:15px\"><\/div><div class=\"w-separator hide_on_default hide_on_laptops size_custom\" style=\"height:53px\"><\/div><div class=\"g-cols wpb_row via_grid cols_4 laptops-cols_inherit tablets-cols_inherit mobiles-cols_1 valign_top type_default stacking_default\" style=\"--gap:3rem;\"><div class=\"wpb_column vc_column_container\"><div class=\"vc_column-inner\"><div class=\"w-image align_center\"><a target=\"_blank\" href=\"https:\/\/www.institutojatobas.org.br\/\" aria-label=\"13\" class=\"w-image-h\"><img decoding=\"async\" width=\"1024\" height=\"400\" src=\"https:\/\/pardinho.sp.gov.br\/portal\/wp-content\/uploads\/2025\/04\/13-1024x400.png\" class=\"attachment-large size-large\" alt=\"\" loading=\"lazy\" srcset=\"https:\/\/pardinho.sp.gov.br\/portal\/wp-content\/uploads\/2025\/04\/13-1024x400.png 1024w, https:\/\/pardinho.sp.gov.br\/portal\/wp-content\/uploads\/2025\/04\/13-300x117.png 300w, https:\/\/pardinho.sp.gov.br\/portal\/wp-content\/uploads\/2025\/04\/13.png 1080w\" sizes=\"auto, (max-width: 1024px) 100vw, 1024px\" \/><\/a><\/div><\/div><\/div><div class=\"wpb_column vc_column_container\"><div class=\"vc_column-inner\"><div class=\"w-image align_center\"><a target=\"_blank\" href=\"https:\/\/www.institutojatobas.org.br\/centro-max-feffer\/\" aria-label=\"14\" class=\"w-image-h\"><img decoding=\"async\" width=\"1024\" height=\"400\" src=\"https:\/\/pardinho.sp.gov.br\/portal\/wp-content\/uploads\/2025\/04\/14-1024x400.png\" class=\"attachment-large size-large\" alt=\"\" loading=\"lazy\" srcset=\"https:\/\/pardinho.sp.gov.br\/portal\/wp-content\/uploads\/2025\/04\/14-1024x400.png 1024w, https:\/\/pardinho.sp.gov.br\/portal\/wp-content\/uploads\/2025\/04\/14-300x117.png 300w, https:\/\/pardinho.sp.gov.br\/portal\/wp-content\/uploads\/2025\/04\/14.png 1080w\" sizes=\"auto, (max-width: 1024px) 100vw, 1024px\" \/><\/a><\/div><\/div><\/div><div class=\"wpb_column vc_column_container\"><div class=\"vc_column-inner\"><div class=\"w-image align_center\"><a target=\"_blank\" href=\"https:\/\/webapp1-pardinho.cidade360.cloud\/itbi\/\" aria-label=\"15\" class=\"w-image-h\"><img decoding=\"async\" width=\"307\" height=\"120\" src=\"https:\/\/pardinho.sp.gov.br\/portal\/wp-content\/uploads\/2025\/04\/15.svg\" class=\"attachment-large size-large\" alt=\"\" loading=\"lazy\" \/><\/a><\/div><\/div><\/div><div class=\"wpb_column vc_column_container\"><div class=\"vc_column-inner\"><div class=\"w-image align_center\"><div target=\"_blank\" class=\"w-image-h\"><img decoding=\"async\" width=\"307\" height=\"120\" src=\"https:\/\/pardinho.sp.gov.br\/portal\/wp-content\/uploads\/2025\/04\/16.svg\" class=\"attachment-large size-large\" alt=\"\" loading=\"lazy\" \/><\/div><\/div><\/div><\/div><\/div><div class=\"w-separator hide_on_tablets hide_on_mobiles size_custom\" style=\"height:15px\"><\/div><div class=\"w-separator hide_on_default hide_on_laptops size_custom\" style=\"height:53px\"><\/div><div class=\"g-cols wpb_row via_grid cols_4 laptops-cols_inherit tablets-cols_inherit mobiles-cols_1 valign_top type_default stacking_default\" style=\"--gap:3rem;\"><div class=\"wpb_column vc_column_container\"><div class=\"vc_column-inner\"><div class=\"w-image align_center\"><div class=\"w-image-h\"><img decoding=\"async\" width=\"307\" height=\"120\" src=\"https:\/\/pardinho.sp.gov.br\/portal\/wp-content\/uploads\/2025\/04\/17.svg\" class=\"attachment-large size-large\" alt=\"\" loading=\"lazy\" \/><\/div><\/div><\/div><\/div><div class=\"wpb_column vc_column_container hide_on_tablets hide_on_mobiles\"><div class=\"vc_column-inner\"><\/div><\/div><div class=\"wpb_column vc_column_container hide_on_tablets hide_on_mobiles\"><div class=\"vc_column-inner\"><\/div><\/div><div class=\"wpb_column vc_column_container hide_on_tablets hide_on_mobiles\"><div class=\"vc_column-inner\"><\/div><\/div><\/div><\/div><\/div><\/div><\/div><\/section>\n","protected":false},"excerpt":{"rendered":"A Prefeitura Municipal de Pardinho, por meio da Coordenadoria de Sa\u00fade, est\u00e1 oferecendo cirurgia de vasectomia gratuita para os mun\u00edcipes! Se voc\u00ea tem interesse, procure o Servi\u00e7o Social da Sa\u00fade para uma avalia\u00e7\u00e3o e garanta a sua vaga. As vagas s\u00e3o limitadas! Documentos necess\u00e1rios para o paciente e c\u00f4njuge: RG e CPF Cart\u00e3o SUS Comprovante...","protected":false},"author":1,"featured_media":0,"parent":0,"menu_order":0,"comment_status":"closed","ping_status":"closed","template":"","meta":{"footnotes":""},"class_list":["post-8","page","type-page","status-publish","hentry"],"_links":{"self":[{"href":"https:\/\/pardinho.sp.gov.br\/portal\/wp-json\/wp\/v2\/pages\/8","targetHints":{"allow":["GET"]}}],"collection":[{"href":"https:\/\/pardinho.sp.gov.br\/portal\/wp-json\/wp\/v2\/pages"}],"about":[{"href":"https:\/\/pardinho.sp.gov.br\/portal\/wp-json\/wp\/v2\/types\/page"}],"author":[{"embeddable":true,"href":"https:\/\/pardinho.sp.gov.br\/portal\/wp-json\/wp\/v2\/users\/1"}],"replies":[{"embeddable":true,"href":"https:\/\/pardinho.sp.gov.br\/portal\/wp-json\/wp\/v2\/comments?post=8"}],"version-history":[{"count":82,"href":"https:\/\/pardinho.sp.gov.br\/portal\/wp-json\/wp\/v2\/pages\/8\/revisions"}],"predecessor-version":[{"id":474,"href":"https:\/\/pardinho.sp.gov.br\/portal\/wp-json\/wp\/v2\/pages\/8\/revisions\/474"}],"wp:attachment":[{"href":"https:\/\/pardinho.sp.gov.br\/portal\/wp-json\/wp\/v2\/media?parent=8"}],"curies":[{"name":"wp","href":"https:\/\/api.w.org\/{rel}","templated":true}]}}